{"id":15550,"date":"2023-02-03T12:31:52","date_gmt":"2023-02-03T10:31:52","guid":{"rendered":"https:\/\/junts.enproceso.es\/organizacion\/"},"modified":"2026-03-02T18:13:08","modified_gmt":"2026-03-02T16:13:08","slug":"organizacion","status":"publish","type":"page","link":"https:\/\/juntscontraelcancer.cat\/es\/organizacion\/","title":{"rendered":"Organizaci\u00f3n"},"content":{"rendered":"\n\n\t<section class=\"section\" id=\"section_1697826729\">\n\t\t<div class=\"section-bg fill\" >\n\t\t\t\t\t\t\t\t\t\n\t\t\t\n\n\t\t<\/div>\n\n\t\t\n\n\t\t<div class=\"section-content relative\">\n\t\t\t\n\n\n  <div class=\"banner has-hover onda-bottom has-parallax\" id=\"banner-1579752735\">\n          <div class=\"banner-inner fill\">\n        <div class=\"banner-bg fill\" data-parallax=\"-3\" data-parallax-container=\".banner\" data-parallax-background>\n            <img loading=\"lazy\" decoding=\"async\" width=\"2880\" height=\"640\" src=\"https:\/\/juntscontraelcancer.cat\/wp-content\/uploads\/2023\/03\/Quisom_Junts_Contra_el-_cancer.png\" class=\"bg attachment-original size-original\" alt=\"\" \/>                                    \n                    <\/div>\n\t\t\n        <div class=\"banner-layers container\">\n            <div class=\"fill banner-link\"><\/div>            \n\n   <div id=\"text-box-842423122\" class=\"text-box banner-layer x50 md-x50 lg-x50 y50 md-y50 lg-y50 res-text\">\n                                <div class=\"text-box-content text dark\">\n              \n              <div class=\"text-inner text-center\">\n                  \n\n<h1>Organizaci\u00f3n<\/h1>\n\n              <\/div>\n           <\/div>\n                            \n<style>\n#text-box-842423122 {\n  width: 60%;\n}\n#text-box-842423122 .text-box-content {\n  font-size: 100%;\n}\n<\/style>\n    <\/div>\n \n\n        <\/div>\n      <\/div>\n\n            \n<style>\n#banner-1579752735 {\n  padding-top: 243px;\n}\n<\/style>\n  <\/div>\n\n\n\n\t\t<\/div>\n\n\t\t\n<style>\n#section_1697826729 {\n  padding-top: 0px;\n  padding-bottom: 0px;\n}\n<\/style>\n\t<\/section>\n\t\n\n\t<section class=\"section\" id=\"section_196764381\">\n\t\t<div class=\"section-bg fill\" >\n\t\t\t\t\t\t\t\t\t\n\t\t\t\n\n\t\t<\/div>\n\n\t\t\n\n\t\t<div class=\"section-content relative\">\n\t\t\t\n\n<div class=\"row\"  id=\"row-1461358036\">\n\n\n\t<div id=\"col-1098949993\" class=\"col small-12 large-12\"  >\n\t\t\t\t<div class=\"col-inner\"  >\n\t\t\t\n\t\t\t\n\n<span><span><a href=\"https:\/\/juntscontraelcancer.cat\/es\/\">Inicio<\/a><\/span><\/span>\n\n\t\t<\/div>\n\t\t\t\t\t<\/div>\n\n\t\n\n<\/div>\n\n\t\t<\/div>\n\n\t\t\n<style>\n#section_196764381 {\n  padding-top: 30px;\n  padding-bottom: 30px;\n}\n<\/style>\n\t<\/section>\n\t\n\n\t<section class=\"section\" id=\"section_1043663479\">\n\t\t<div class=\"section-bg fill\" >\n\t\t\t\t\t\t\t\t\t\n\t\t\t\n\n\t\t<\/div>\n\n\t\t\n\n\t\t<div class=\"section-content relative\">\n\t\t\t\n\n<div class=\"row\"  id=\"row-53361526\">\n\n\n\t<div id=\"col-1186957302\" class=\"col small-12 large-12\"  data-animate=\"fadeInUp\">\n\t\t\t\t<div class=\"col-inner\"  >\n\t\t\t\n\t\t\t\n\n\t<div id=\"text-416424033\" class=\"text\">\n\t\t\n\n<h2><strong><span style=\"color: #373737;\">Organizaci\u00f3n<\/span><\/strong><\/h2>\n\t\t\n<style>\n#text-416424033 {\n  font-size: 2.55rem;\n  line-height: 2.15;\n}\n<\/style>\n\t<\/div>\n\t\n<div class=\"is-divider divider clearfix\" style=\"margin-top:24px;margin-bottom:24px;max-width:123px;\"><\/div>\n\n\n\t\t<\/div>\n\t\t\t\t\t<\/div>\n\n\t\n\n<\/div>\n<div class=\"row\"  id=\"row-2115147445\">\n\n\n\t<div id=\"col-1417082872\" class=\"col small-12 large-12\"  data-animate=\"fadeInUp\">\n\t\t\t\t<div class=\"col-inner\"  >\n\t\t\t\n\t\t\t\n\n<p>El m\u00e1ximo \u00f3rgano soberano de la <strong>Federaci\u00f3 Catalana d&#8217;Entitats contra el C\u00e0ncer (FECEC)<\/strong> es la Asamblea General, formada por un representante de cada una de las entidades miembro. La Junta Directiva es el \u00f3rgano que rige, administra y representa a la FECEC, Junts contra el C\u00e0ncer.<\/p>\n\n\t\t<\/div>\n\t\t\t\t\t<\/div>\n\n\t\n\n<\/div>\n<div class=\"row\"  id=\"row-305682603\">\n\n\n\t<div id=\"col-311977866\" class=\"col small-12 large-12\"  data-animate=\"fadeInUp\">\n\t\t\t\t<div class=\"col-inner text-center\"  >\n\t\t\t\n\t\t\t\n\n\t<div class=\"img has-hover x md-x lg-x y md-y lg-y\" id=\"image_486541496\">\n\t\t\t\t\t\t\t\t<div class=\"img-inner dark\" >\n\t\t\t<img loading=\"lazy\" decoding=\"async\" width=\"1001\" height=\"375\" src=\"https:\/\/juntscontraelcancer.cat\/wp-content\/uploads\/2023\/07\/organigrama_fecec_ES-1.jpg\" class=\"attachment-original size-original\" alt=\"\" srcset=\"https:\/\/juntscontraelcancer.cat\/wp-content\/uploads\/2023\/07\/organigrama_fecec_ES-1.jpg 1001w, https:\/\/juntscontraelcancer.cat\/wp-content\/uploads\/2023\/07\/organigrama_fecec_ES-1-300x112.jpg 300w, https:\/\/juntscontraelcancer.cat\/wp-content\/uploads\/2023\/07\/organigrama_fecec_ES-1-768x288.jpg 768w\" sizes=\"auto, (max-width: 1001px) 100vw, 1001px\" \/>\t\t\t\t\t\t\n\t\t\t\t\t<\/div>\n\t\t\t\t\t\t\t\t\n<style>\n#image_486541496 {\n  width: 90%;\n}\n<\/style>\n\t<\/div>\n\t\n\n\n\t\t<\/div>\n\t\t\t\t\t<\/div>\n\n\t\n\n<\/div>\n\t<div id=\"gap-1027989179\" class=\"gap-element clearfix\" style=\"display:block; height:auto;\">\n\t\t\n<style>\n#gap-1027989179 {\n  padding-top: 30px;\n}\n<\/style>\n\t<\/div>\n\t\n\n\n\t\t<\/div>\n\n\t\t\n<style>\n#section_1043663479 {\n  padding-top: 0px;\n  padding-bottom: 0px;\n}\n<\/style>\n\t<\/section>\n\t\n\n\t<section class=\"section bg-section-top-right-organitzacio has-parallax\" id=\"section_298726259\">\n\t\t<div class=\"section-bg fill\" data-parallax-container=\".section\" data-parallax-background data-parallax=\"-3\">\n\t\t\t<img loading=\"lazy\" decoding=\"async\" width=\"2500\" height=\"851\" src=\"https:\/\/juntscontraelcancer.cat\/wp-content\/uploads\/2023\/02\/FECEC-Ondas-Corporativas-Granate-1.png\" class=\"bg attachment-original size-original\" alt=\"\" \/>\t\t\t\t\t\t\n\t\t\t\n\n\t\t<\/div>\n\n\t\t\n\n\t\t<div class=\"section-content relative\">\n\t\t\t\n\n<div class=\"row\"  id=\"row-102588462\">\n\n\n\t<div id=\"col-1616368745\" class=\"col small-12 large-12\"  data-animate=\"fadeInUp\">\n\t\t\t\t<div class=\"col-inner\"  >\n\t\t\t\n\t\t\t\n\n\t<div id=\"gap-1385045177\" class=\"gap-element clearfix\" style=\"display:block; height:auto;\">\n\t\t\n<style>\n#gap-1385045177 {\n  padding-top: 60px;\n}\n<\/style>\n\t<\/div>\n\t\n\n\t<div id=\"text-4221834114\" class=\"text\">\n\t\t\n\n<h3>Junta Directiva<\/h3>\n\t\t\n<style>\n#text-4221834114 {\n  text-align: left;\n}\n<\/style>\n\t<\/div>\n\t\n\n\t\t<\/div>\n\t\t\t\t\t<\/div>\n\n\t\n\n\t<div id=\"col-424739522\" class=\"col small-12 large-12\"  data-animate=\"fadeInUp\">\n\t\t\t\t<div class=\"col-inner\"  >\n\t\t\t\n\t\t\t\n\n<p><strong>Presidentes de honor<\/strong>:<br \/>\nCarles Carcol\u00e9 Vidal (2001 &#8211; 2004)<br \/>\nJosep Morell Mir\u00f3 (2005 &#8211; 2012)<br \/>\nDr. Ramon M. Miralles Pi (2013 &#8211; 2021)<\/p>\n\n\t\t<\/div>\n\t\t\t\t\t<\/div>\n\n\t\n\n<\/div>\n<div class=\"row\"  id=\"row-1958969239\">\n\n\n\t<div id=\"col-1138694120\" class=\"col medium-4 small-12 large-4\"  data-animate=\"fadeInUp\">\n\t\t\t\t<div class=\"col-inner text-center\"  >\n\t\t\t\n\t\t\t\n\n\t<div class=\"img has-hover x md-x lg-x y md-y lg-y\" id=\"image_414270801\">\n\t\t\t\t\t\t\t\t<div class=\"img-inner dark\" >\n\t\t\t<img loading=\"lazy\" decoding=\"async\" width=\"800\" height=\"800\" src=\"https:\/\/juntscontraelcancer.cat\/wp-content\/uploads\/2026\/03\/4.png\" class=\"attachment-original size-original\" alt=\"\" srcset=\"https:\/\/juntscontraelcancer.cat\/wp-content\/uploads\/2026\/03\/4.png 800w, https:\/\/juntscontraelcancer.cat\/wp-content\/uploads\/2026\/03\/4-300x300.png 300w, https:\/\/juntscontraelcancer.cat\/wp-content\/uploads\/2026\/03\/4-150x150.png 150w, https:\/\/juntscontraelcancer.cat\/wp-content\/uploads\/2026\/03\/4-768x768.png 768w\" sizes=\"auto, (max-width: 800px) 100vw, 800px\" \/>\t\t\t\t\t\t\n\t\t\t\t\t<\/div>\n\t\t\t\t\t\t\t\t\n<style>\n#image_414270801 {\n  width: 60%;\n}\n<\/style>\n\t<\/div>\n\t\n\n<h3>Presidenta<\/h3>\n<p>M\u00aa Assumpci\u00f3 Vil\u00e0 Planas<\/p>\n<a href=\"https:\/\/juntscontraelcancer.cat\/wp-content\/uploads\/2023\/04\/CV-M.AssumpcioVila.pdf\" target=\"_blank\" class=\"button primary is-outline .botons-transparents-hover-blanc\" rel=\"noopener\" >\n\t\t<span>DESCARGAR CV<\/span>\n\t<\/a>\n\n\n\n\t\t<\/div>\n\t\t\t\t\t<\/div>\n\n\t\n\n\t<div id=\"col-895593534\" class=\"col medium-4 small-12 large-4\"  data-animate=\"fadeInUp\">\n\t\t\t\t<div class=\"col-inner text-center\"  >\n\t\t\t\n\t\t\t\n\n\t<div class=\"img has-hover x md-x lg-x y md-y lg-y\" id=\"image_1580067939\">\n\t\t\t\t\t\t\t\t<div class=\"img-inner dark\" >\n\t\t\t<img loading=\"lazy\" decoding=\"async\" width=\"800\" height=\"800\" src=\"https:\/\/juntscontraelcancer.cat\/wp-content\/uploads\/2026\/03\/3.png\" class=\"attachment-original size-original\" alt=\"\" srcset=\"https:\/\/juntscontraelcancer.cat\/wp-content\/uploads\/2026\/03\/3.png 800w, https:\/\/juntscontraelcancer.cat\/wp-content\/uploads\/2026\/03\/3-300x300.png 300w, https:\/\/juntscontraelcancer.cat\/wp-content\/uploads\/2026\/03\/3-150x150.png 150w, https:\/\/juntscontraelcancer.cat\/wp-content\/uploads\/2026\/03\/3-768x768.png 768w\" sizes=\"auto, (max-width: 800px) 100vw, 800px\" \/>\t\t\t\t\t\t\n\t\t\t\t\t<\/div>\n\t\t\t\t\t\t\t\t\n<style>\n#image_1580067939 {\n  width: 60%;\n}\n<\/style>\n\t<\/div>\n\t\n\n<h3>Vicepresidenta<\/h3>\n<p>Llu\u00efsa Ferrer Rami\u00f3<\/p>\n<a href=\"https:\/\/juntscontraelcancer.cat\/wp-content\/uploads\/2023\/04\/CV-Lluisa-Ferrer.pdf\" target=\"_blank\" class=\"button primary is-outline .botons-transparents-hover-blanc\" rel=\"noopener\" >\n\t\t<span>DESCARGAR CV<\/span>\n\t<\/a>\n\n\n\n\t\t<\/div>\n\t\t\t\t\t<\/div>\n\n\t\n\n\t<div id=\"col-1499734389\" class=\"col medium-4 small-12 large-4\"  data-animate=\"fadeInUp\">\n\t\t\t\t<div class=\"col-inner text-center\"  >\n\t\t\t\n\t\t\t\n\n\t<div class=\"img has-hover x md-x lg-x y md-y lg-y\" id=\"image_1296384313\">\n\t\t\t\t\t\t\t\t<div class=\"img-inner dark\" >\n\t\t\t<img loading=\"lazy\" decoding=\"async\" width=\"800\" height=\"800\" src=\"https:\/\/juntscontraelcancer.cat\/wp-content\/uploads\/2026\/03\/2.png\" class=\"attachment-original size-original\" alt=\"\" srcset=\"https:\/\/juntscontraelcancer.cat\/wp-content\/uploads\/2026\/03\/2.png 800w, https:\/\/juntscontraelcancer.cat\/wp-content\/uploads\/2026\/03\/2-300x300.png 300w, https:\/\/juntscontraelcancer.cat\/wp-content\/uploads\/2026\/03\/2-150x150.png 150w, https:\/\/juntscontraelcancer.cat\/wp-content\/uploads\/2026\/03\/2-768x768.png 768w\" sizes=\"auto, (max-width: 800px) 100vw, 800px\" \/>\t\t\t\t\t\t\n\t\t\t\t\t<\/div>\n\t\t\t\t\t\t\t\t\n<style>\n#image_1296384313 {\n  width: 60%;\n}\n<\/style>\n\t<\/div>\n\t\n\n<h3>Vicepresidenta 2<\/h3>\n<p>Anna Varderi Casas<\/p>\n<a href=\"https:\/\/juntscontraelcancer.cat\/wp-content\/uploads\/2023\/04\/CV-Anna-Varderi.pdf\" target=\"_blank\" class=\"button primary is-outline .botons-transparents-hover-blanc\" rel=\"noopener\" >\n\t\t<span>DESCARGAR CV<\/span>\n\t<\/a>\n\n\n\n\t\t<\/div>\n\t\t\t\t\t<\/div>\n\n\t\n\n<\/div>\n\n\t\t<\/div>\n\n\t\t\n<style>\n#section_298726259 {\n  padding-top: 0px;\n  padding-bottom: 0px;\n  background-color: rgb(243, 243, 243);\n}\n#section_298726259 .section-bg img {\n  object-position: 0% 0%;\n}\n<\/style>\n\t<\/section>\n\t\n\n\t<section class=\"section bg-section-bottom-left\" id=\"section_524430651\">\n\t\t<div class=\"section-bg fill\" >\n\t\t\t<img loading=\"lazy\" decoding=\"async\" width=\"2500\" height=\"851\" src=\"https:\/\/juntscontraelcancer.cat\/wp-content\/uploads\/2023\/02\/FECEC-Ondas-Corporativas-Granate-1.png\" class=\"bg attachment-original size-original\" alt=\"\" \/>\t\t\t\t\t\t\n\t\t\t\n\n\t\t<\/div>\n\n\t\t\n\n\t\t<div class=\"section-content relative\">\n\t\t\t\n\n<div class=\"row align-center row_bg\"  id=\"row-581259653\">\n\n\n\t<div id=\"col-859264085\" class=\"col medium-4 small-12 large-4\"  data-animate=\"fadeInUp\">\n\t\t\t\t<div class=\"col-inner text-center\"  >\n\t\t\t\n\t\t\t\n\n\t<div class=\"img has-hover x md-x lg-x y md-y lg-y\" id=\"image_1777566184\">\n\t\t\t\t\t\t\t\t<div class=\"img-inner dark\" >\n\t\t\t<img loading=\"lazy\" decoding=\"async\" width=\"800\" height=\"800\" src=\"https:\/\/juntscontraelcancer.cat\/wp-content\/uploads\/2026\/03\/1.png\" class=\"attachment-original size-original\" alt=\"\" srcset=\"https:\/\/juntscontraelcancer.cat\/wp-content\/uploads\/2026\/03\/1.png 800w, https:\/\/juntscontraelcancer.cat\/wp-content\/uploads\/2026\/03\/1-300x300.png 300w, https:\/\/juntscontraelcancer.cat\/wp-content\/uploads\/2026\/03\/1-150x150.png 150w, https:\/\/juntscontraelcancer.cat\/wp-content\/uploads\/2026\/03\/1-768x768.png 768w\" sizes=\"auto, (max-width: 800px) 100vw, 800px\" \/>\t\t\t\t\t\t\n\t\t\t\t\t<\/div>\n\t\t\t\t\t\t\t\t\n<style>\n#image_1777566184 {\n  width: 60%;\n}\n<\/style>\n\t<\/div>\n\t\n\n<h3>Tesorera<\/h3>\n<p>\u00c0ngels Vila Torra<\/p>\n\t<div id=\"gap-1943409480\" class=\"gap-element clearfix\" style=\"display:block; height:auto;\">\n\t\t\n<style>\n#gap-1943409480 {\n  padding-top: 31px;\n}\n<\/style>\n\t<\/div>\n\t\n\n<a href=\"https:\/\/juntscontraelcancer.cat\/wp-content\/uploads\/2023\/04\/CV-Angels-Vila-OK.pdf\" target=\"_blank\" class=\"button primary is-outline .botons-transparents-hover-blanc\" rel=\"noopener\" >\n\t\t<span>DESCARGAR CV<\/span>\n\t<\/a>\n\n\n\n\t\t<\/div>\n\t\t\t\t\t<\/div>\n\n\t\n\n\t<div id=\"col-786609473\" class=\"col medium-4 small-12 large-4\"  data-animate=\"fadeInUp\">\n\t\t\t\t<div class=\"col-inner text-center\"  >\n\t\t\t\n\t\t\t\n\n\t<div class=\"img has-hover x md-x lg-x y md-y lg-y\" id=\"image_2077642645\">\n\t\t\t\t\t\t\t\t<div class=\"img-inner dark\" >\n\t\t\t<img loading=\"lazy\" decoding=\"async\" width=\"800\" height=\"800\" src=\"https:\/\/juntscontraelcancer.cat\/wp-content\/uploads\/2026\/03\/5.png\" class=\"attachment-original size-original\" alt=\"\" srcset=\"https:\/\/juntscontraelcancer.cat\/wp-content\/uploads\/2026\/03\/5.png 800w, https:\/\/juntscontraelcancer.cat\/wp-content\/uploads\/2026\/03\/5-300x300.png 300w, https:\/\/juntscontraelcancer.cat\/wp-content\/uploads\/2026\/03\/5-150x150.png 150w, https:\/\/juntscontraelcancer.cat\/wp-content\/uploads\/2026\/03\/5-768x768.png 768w\" sizes=\"auto, (max-width: 800px) 100vw, 800px\" \/>\t\t\t\t\t\t\n\t\t\t\t\t<\/div>\n\t\t\t\t\t\t\t\t\n<style>\n#image_2077642645 {\n  width: 60%;\n}\n<\/style>\n\t<\/div>\n\t\n\n<h3>Secretario<\/h3>\n<p>Dr. Eduard Batiste<br \/>\nAlentorn Guill\u00e9n<\/p>\n<a href=\"https:\/\/juntscontraelcancer.cat\/wp-content\/uploads\/2023\/04\/CV-Eduard-Batiste-Alentorn.pdf\" class=\"button primary is-outline .botons-transparents-hover-blanc\" >\n\t\t<span>DESCARGAR CV<\/span>\n\t<\/a>\n\n\n\n\t\t<\/div>\n\t\t\t\t\t<\/div>\n\n\t\n\n<\/div>\n\n\t\t<\/div>\n\n\t\t\n<style>\n#section_524430651 {\n  padding-top: 20px;\n  padding-bottom: 20px;\n  background-color: rgb(243, 243, 243);\n}\n<\/style>\n\t<\/section>\n\t\n\n\t<section class=\"section\" id=\"section_692292204\">\n\t\t<div class=\"section-bg fill\" >\n\t\t\t\t\t\t\t\t\t\n\t\t\t\n\n\t\t<\/div>\n\n\t\t\n\n\t\t<div class=\"section-content relative\">\n\t\t\t\n\n<div class=\"row\"  id=\"row-680582206\">\n\n\n\t<div id=\"col-186916230\" class=\"col small-12 large-12\"  data-animate=\"fadeInUp\">\n\t\t\t\t<div class=\"col-inner\"  >\n\t\t\t\n\t\t\t\n\n\t<div id=\"gap-117224756\" class=\"gap-element clearfix\" style=\"display:block; height:auto;\">\n\t\t\n<style>\n#gap-117224756 {\n  padding-top: 30px;\n}\n<\/style>\n\t<\/div>\n\t\n\n\t<div id=\"text-833185542\" class=\"text\">\n\t\t\n\n<h3>Vocales<\/h3>\n\t\t\n<style>\n#text-833185542 {\n  text-align: left;\n}\n<\/style>\n\t<\/div>\n\t\n\n\t\t<\/div>\n\t\t\t\t\t<\/div>\n\n\t\n\n<\/div>\n<div class=\"row row-collapse align-right row_lists\" style=\"max-width:\" id=\"row-866452003\">\n\n\n\t<div id=\"col-974241813\" class=\"col medium-4 small-12 large-4\"  data-animate=\"fadeInUp\">\n\t\t\t\t<div class=\"col-inner text-left\"  >\n\t\t\t\n\t\t\t\n\n\t<div id=\"text-3352692844\" class=\"text\">\n\t\t\n\n<ul style=\"font-size: 20px;\">\n<li>L\u00eddia Albert Riera<\/li>\n<li>Paqui Badosa Ferrer<\/li>\n<li>Nuria Balcells Sam\u00e0<\/li>\n<li>Maria Besora Orrit<\/li>\n<li>Pere Cladellas Ros<\/li>\n<li>Neus Cols Coll<\/li>\n<li>Josep Cruz i Gonz\u00e1lez<\/li>\n<li>Arantxa De Lara Di\u00e9guez<\/li>\n<li>Encarni Del Castillo Rodr\u00edguez<\/li>\n<li>Marina Delteil<\/li>\n<\/ul>\n\t\t\n<style>\n#text-3352692844 {\n  text-align: left;\n}\n<\/style>\n\t<\/div>\n\t\n\n\t\t<\/div>\n\t\t\t\t\n<style>\n#col-974241813 > .col-inner {\n  padding: 0px 25px 0px 0px;\n}\n<\/style>\n\t<\/div>\n\n\t\n\n\t<div id=\"col-2135833711\" class=\"col medium-4 small-12 large-4\"  data-animate=\"fadeInUp\">\n\t\t\t\t<div class=\"col-inner text-left\"  >\n\t\t\t\n\t\t\t\n\n\t<div id=\"text-4229590828\" class=\"text\">\n\t\t\n\n<ul style=\"font-size: 20px;\">\n<li>Marta Fern\u00e1ndez Espinel<\/li>\n<li>M. Roser Frago Alt\u00e9s<\/li>\n<li>Antoni Garcia Prat<\/li>\n<li>Sara Garc\u00eda Serrano<\/li>\n<li>Carme Grau i Parramon<\/li>\n<li>Enric Mart\u00ed Suau<\/li>\n<li>Bibiana Mart\u00ednez i Badal<\/li>\n<li>Joaquim Miret Ferrer<\/li>\n<li>Rosa M. Pujol Galobart<\/li>\n<li>Joan Revent\u00f3s Rovira<\/li>\n<\/ul>\n\t\t\n<style>\n#text-4229590828 {\n  text-align: left;\n}\n<\/style>\n\t<\/div>\n\t\n\n\t\t<\/div>\n\t\t\t\t\t<\/div>\n\n\t\n\n\t<div id=\"col-932239834\" class=\"col medium-4 small-12 large-4\"  data-animate=\"fadeInUp\">\n\t\t\t\t<div class=\"col-inner text-left\"  >\n\t\t\t\n\t\t\t\n\n<ul style=\"font-size: 20px;\">\n<li>Joan Enric Ricart Costa<\/li>\n<li>Narc\u00eds Serrats Macau<\/li>\n<li>Agustina Sirgo Rodr\u00edguez<\/li>\n<li>Montserrat Tegido Valent\u00ed<\/li>\n<li>Andreu Trav\u00e9<\/li>\n<li>Jaume Tost Oller<\/li>\n<li>Concepci\u00f3 Vilalta Soldevila<\/li>\n<li>Lourdes Villar\u00f3 Argerich<\/li>\n<li>Gemma Vi\u00f1als Esc\u00e1mez<\/li>\n<\/ul>\n\n\t\t<\/div>\n\t\t\t\t\t<\/div>\n\n\t\n\n\n<style>\n#row-866452003 > .col > .col-inner {\n  padding: 0px 0px 0px 0px;\n}\n<\/style>\n<\/div>\n\n\t\t<\/div>\n\n\t\t\n<style>\n#section_692292204 {\n  padding-top: 30px;\n  padding-bottom: 30px;\n  background-color: rgb(255, 255, 255);\n}\n<\/style>\n\t<\/section>\n\t\n\n\t<section class=\"section bg-section-top-right-organitzacio\" id=\"section_1828384191\">\n\t\t<div class=\"section-bg fill\" >\n\t\t\t<img loading=\"lazy\" decoding=\"async\" width=\"2500\" height=\"851\" src=\"https:\/\/juntscontraelcancer.cat\/wp-content\/uploads\/2023\/02\/FECEC-Ondas-Corporativas-Granate-1.png\" class=\"bg attachment-original size-original\" alt=\"\" \/>\t\t\t\t\t\t\n\t\t\t\n\n\t\t<\/div>\n\n\t\t\n\n\t\t<div class=\"section-content relative\">\n\t\t\t\n\n<div class=\"row\"  id=\"row-2089338010\">\n\n\n\t<div id=\"col-1773510879\" class=\"col small-12 large-12\"  data-animate=\"fadeInUp\">\n\t\t\t\t<div class=\"col-inner\"  >\n\t\t\t\n\t\t\t\n\n\t<div id=\"gap-515551858\" class=\"gap-element clearfix\" style=\"display:block; height:auto;\">\n\t\t\n<style>\n#gap-515551858 {\n  padding-top: 30px;\n}\n<\/style>\n\t<\/div>\n\t\n\n<h3>Comit\u00e9 asesor<\/h3>\n\t<div class=\"img has-hover x md-x lg-x y md-y lg-y\" id=\"image_1509407861\">\n\t\t\t\t\t\t\t\t<div class=\"img-inner dark\" >\n\t\t\t<img loading=\"lazy\" decoding=\"async\" width=\"1020\" height=\"591\" src=\"https:\/\/juntscontraelcancer.cat\/wp-content\/uploads\/2024\/11\/comite_assessor_fecec-1024x593.jpg\" class=\"attachment-large size-large\" alt=\"\" srcset=\"https:\/\/juntscontraelcancer.cat\/wp-content\/uploads\/2024\/11\/comite_assessor_fecec-1024x593.jpg 1024w, https:\/\/juntscontraelcancer.cat\/wp-content\/uploads\/2024\/11\/comite_assessor_fecec-300x174.jpg 300w, https:\/\/juntscontraelcancer.cat\/wp-content\/uploads\/2024\/11\/comite_assessor_fecec-768x445.jpg 768w, https:\/\/juntscontraelcancer.cat\/wp-content\/uploads\/2024\/11\/comite_assessor_fecec-1536x890.jpg 1536w, https:\/\/juntscontraelcancer.cat\/wp-content\/uploads\/2024\/11\/comite_assessor_fecec-2048x1187.jpg 2048w\" sizes=\"auto, (max-width: 1020px) 100vw, 1020px\" \/>\t\t\t\t\t\t\n\t\t\t\t\t<\/div>\n\t\t\t\t\t\t\t\t\n<style>\n#image_1509407861 {\n  width: 100%;\n}\n<\/style>\n\t<\/div>\n\t\n\n\n\t\t<\/div>\n\t\t\t\t\t<\/div>\n\n\t\n\n<\/div>\n<div class=\"row\"  id=\"row-690479692\">\n\n\n\t<div id=\"col-417380839\" class=\"col medium-4 small-12 large-4\"  data-animate=\"fadeInUp\">\n\t\t\t\t<div class=\"col-inner\"  >\n\t\t\t\n\t\t\t\n\n<p style=\"color: #a52d38; font-weight: bold;\">Dr. Joan Llu\u00eds Borr\u00e0s<\/p>\n<p><strong>Onc\u00f3logo<\/strong>, Hospital Sant Joan de Reus.<\/p>\n\n\t\t<\/div>\n\t\t\t\t\t<\/div>\n\n\t\n\n\t<div id=\"col-88209376\" class=\"col medium-4 small-12 large-4\"  data-animate=\"fadeInUp\">\n\t\t\t\t<div class=\"col-inner\"  >\n\t\t\t\n\t\t\t\n\n<p style=\"color: #a52d38; font-weight: bold;\">V\u00edctor Costa<\/p>\n<p><strong>Economista<\/strong>, consultor de comunicaci\u00f3n estrat\u00e9gica, presentador y entrevistador<\/p>\n\n\t\t<\/div>\n\t\t\t\t\t<\/div>\n\n\t\n\n\t<div id=\"col-893685256\" class=\"col medium-4 small-12 large-4\"  data-animate=\"fadeInUp\">\n\t\t\t\t<div class=\"col-inner\"  >\n\t\t\t\n\t\t\t\n\n<p style=\"color: #a52d38; font-weight: bold;\">Jaume Farr\u00e9<\/p>\n<p>Ex director <strong>Programas Sociales<\/strong> Fundaci\u00f3n \u00abla Caixa\u00bb<\/p>\n\n\t\t<\/div>\n\t\t\t\t\t<\/div>\n\n\t\n\n\t<div id=\"col-562475617\" class=\"col medium-4 small-12 large-4\"  data-animate=\"fadeInUp\">\n\t\t\t\t<div class=\"col-inner\"  >\n\t\t\t\n\t\t\t\n\n<p style=\"color: #a52d38; font-weight: bold;\">S\u00f2nia Fuentes<\/p>\n<p><strong>Psicoonc\u00f3loga<\/strong>, coordinadora de la Unidad de Psicooncolog\u00eda del ICO en el Hospital Universitari Germans Trias i Pujol<\/p>\n\n\t\t<\/div>\n\t\t\t\t\t<\/div>\n\n\t\n\n\t<div id=\"col-1828730436\" class=\"col medium-4 small-12 large-4\"  data-animate=\"fadeInUp\">\n\t\t\t\t<div class=\"col-inner\"  >\n\t\t\t\n\t\t\t\n\n<p style=\"color: #a52d38; font-weight: bold;\">Marta Grau<\/p>\n<p><strong>presidenta<\/strong> de la Fundaci\u00f3 Alzheimer Catalunya<\/p>\n\n\t\t<\/div>\n\t\t\t\t\t<\/div>\n\n\t\n\n\t<div id=\"col-1615294438\" class=\"col medium-4 small-12 large-4\"  data-animate=\"fadeInUp\">\n\t\t\t\t<div class=\"col-inner\"  >\n\t\t\t\n\t\t\t\n\n<p style=\"color: #a52d38; font-weight: bold;\">Oriol Molas<\/p>\n<p><strong>Soci\u00f3logo,<\/strong> director de GAPS, agencia de sociolog\u00eda<\/p>\n\n\t\t<\/div>\n\t\t\t\t\t<\/div>\n\n\t\n\n\t<div id=\"col-1464698131\" class=\"col medium-4 small-12 large-4\"  data-animate=\"fadeInUp\">\n\t\t\t\t<div class=\"col-inner\"  >\n\t\t\t\n\t\t\t\n\n<p style=\"color: #a52d38; font-weight: bold;\">Dra. N\u00faria Pardo<\/p>\n<p><strong>Onc\u00f3loga<\/strong> <strong>pedi\u00e1trica,<\/strong> Hospital Sant Pau.<\/p>\n\n\t\t<\/div>\n\t\t\t\t\t<\/div>\n\n\t\n\n\t<div id=\"col-291886400\" class=\"col medium-4 small-12 large-4\"  data-animate=\"fadeInUp\">\n\t\t\t\t<div class=\"col-inner\"  >\n\t\t\t\n\t\t\t\n\n<p style=\"color: #a52d38; font-weight: bold;\">Dr. Oriol Ramis<\/p>\n<p><strong>Epidemi\u00f3logo<\/strong>, Epirus S.L.<\/p>\n\n\t\t<\/div>\n\t\t\t\t\t<\/div>\n\n\t\n\n\t<div id=\"col-1138509332\" class=\"col medium-4 small-12 large-4\"  data-animate=\"fadeInUp\">\n\t\t\t\t<div class=\"col-inner\"  >\n\t\t\t\n\t\t\t\n\n<p style=\"color: #a52d38; font-weight: bold;\">C\u00e8sar S\u00e1nchez<\/p>\n<p><strong>Director Territorial<\/strong> en Foment del Treball<\/p>\n\n\t\t<\/div>\n\t\t\t\t\t<\/div>\n\n\t\n\n\t<div id=\"col-2099630022\" class=\"col medium-4 small-12 large-4\"  data-animate=\"fadeInUp\">\n\t\t\t\t<div class=\"col-inner\"  >\n\t\t\t\n\t\t\t\n\n<p style=\"color: #a52d38; font-weight: bold;\">Xavier Trabado<\/p>\n<p><strong>Ingeniero industrial<\/strong>, vocal de la Junta Directiva de la Federaci\u00f3 Salut Mental Catalunya y presidente de la Taula del Tercer Sector<\/p>\n\n\t\t<\/div>\n\t\t\t\t\t<\/div>\n\n\t\n\n\t<div id=\"col-1018188634\" class=\"col medium-4 small-12 large-4\"  data-animate=\"fadeInUp\">\n\t\t\t\t<div class=\"col-inner\"  >\n\t\t\t\n\t\t\t\n\n<p style=\"color: #a52d38; font-weight: bold;\">M\u00f3nica V\u00e1zquez<\/p>\n<p><strong>Economista<\/strong>, directora del \u00c1rea de Personas de la Cooperativa Suara<\/p>\n\n\t\t<\/div>\n\t\t\t\t\t<\/div>\n\n\t\n\n\t<div id=\"col-211557778\" class=\"col medium-4 small-12 large-4\"  data-animate=\"fadeInUp\">\n\t\t\t\t<div class=\"col-inner\"  >\n\t\t\t\n\t\t\t\n\n<p style=\"color: #a52d38; font-weight: bold;\">Rub\u00e9n Ventura<\/p>\n<p><strong>Qu\u00edmico<\/strong>, director de la Fundaci\u00f3n Fero<\/p>\n\n\t\t<\/div>\n\t\t\t\t\t<\/div>\n\n\t\n\n\t<div id=\"col-870342582\" class=\"col medium-4 small-12 large-4\"  data-animate=\"fadeInUp\">\n\t\t\t\t<div class=\"col-inner\"  >\n\t\t\t\n\t\t\t\n\n<p style=\"color: #a52d38; font-weight: bold;\">Xavier L\u00f3pez Garc\u00eda<\/p>\n<p><strong>Consultor\u00a0<\/strong>de estrategia y alianzas en econom\u00eda social<\/p>\n\n\t\t<\/div>\n\t\t\t\t\t<\/div>\n\n\t\n\n<\/div>\n\t<div id=\"gap-2101113855\" class=\"gap-element clearfix\" style=\"display:block; height:auto;\">\n\t\t\n<style>\n#gap-2101113855 {\n  padding-top: 5px;\n}\n<\/style>\n\t<\/div>\n\t\n\n\n\t\t<\/div>\n\n\t\t\n<style>\n#section_1828384191 {\n  padding-top: 30px;\n  padding-bottom: 30px;\n  background-color: rgb(243, 243, 243);\n}\n<\/style>\n\t<\/section>\n\t\n\n\t<section class=\"section\" id=\"section_1317708624\">\n\t\t<div class=\"section-bg fill\" >\n\t\t\t\t\t\t\t\t\t\n\t\t\t\n\n\t\t<\/div>\n\n\t\t\n\n\t\t<div class=\"section-content relative\">\n\t\t\t\n\n<div class=\"row row_lists\"  id=\"row-1461795041\">\n\n\n\t<div id=\"col-1820804263\" class=\"col second_list_col small-12 large-12\"  data-animate=\"fadeInUp\">\n\t\t\t\t<div class=\"col-inner\"  >\n\t\t\t\n\t\t\t\n\n\t<div id=\"gap-913360629\" class=\"gap-element clearfix\" style=\"display:block; height:auto;\">\n\t\t\n<style>\n#gap-913360629 {\n  padding-top: 30px;\n}\n<\/style>\n\t<\/div>\n\t\n\n<h3>Equipo T\u00e9cnico<\/h3>\n\n\t\t<\/div>\n\t\t\t\t\t<\/div>\n\n\t\n\n\t<div id=\"col-1465940811\" class=\"col second_list_col small-12 large-12\"  data-animate=\"fadeInUp\">\n\t\t\t\t<div class=\"col-inner\"  >\n\t\t\t\n\t\t\t\n\n<ul style=\"font-size: 20px;\">\n<li><span style=\"color: #a52d38; font-weight: bold;\">Gerencia.<\/span> Clara Ros\u00e0s Sab\u00e9<\/li>\n<li><span style=\"color: #a52d38; font-weight: bold;\">Administraci\u00f3n.<\/span> Carmen Maria Cubero Luque<\/li>\n<li><span style=\"color: #a52d38; font-weight: bold;\">Comunicaci\u00f3n.<\/span> Maite Fern\u00e1ndez Castellano<\/li>\n<li><span style=\"color: #a52d38; font-weight: bold;\">Trabajador social. <\/span>Paula Rodriguez Rabanaque<\/li>\n<\/ul>\n\n\t\t<\/div>\n\t\t\t\t\t<\/div>\n\n\t\n\n<\/div>\n\n\t\t<\/div>\n\n\t\t\n<style>\n#section_1317708624 {\n  padding-top: 30px;\n  padding-bottom: 30px;\n}\n<\/style>\n\t<\/section>\n\t\n\n","protected":false},"excerpt":{"rendered":"","protected":false},"author":1,"featured_media":0,"parent":0,"menu_order":0,"comment_status":"closed","ping_status":"closed","template":"page-blank.php","meta":{"_acf_changed":false,"inline_featured_image":false,"footnotes":""},"class_list":["post-15550","page","type-page","status-publish","hentry"],"acf":[],"yoast_head":"<!-- This site is optimized with the Yoast SEO plugin v27.3 - https:\/\/yoast.com\/product\/yoast-seo-wordpress\/ -->\n<title>Organizaci\u00f3n - Junts contra el c\u00e0ncer - FECEC<\/title>\n<meta name=\"robots\" content=\"index, follow, max-snippet:-1, max-image-preview:large, max-video-preview:-1\" \/>\n<link rel=\"canonical\" href=\"https:\/\/juntscontraelcancer.cat\/es\/organizacion\/\" \/>\n<meta property=\"og:locale\" content=\"es_ES\" \/>\n<meta property=\"og:type\" content=\"article\" \/>\n<meta property=\"og:title\" content=\"Organizaci\u00f3n - Junts contra el c\u00e0ncer - FECEC\" \/>\n<meta property=\"og:url\" content=\"https:\/\/juntscontraelcancer.cat\/es\/organizacion\/\" \/>\n<meta property=\"og:site_name\" content=\"Junts contra el c\u00e0ncer - FECEC\" \/>\n<meta property=\"article:publisher\" content=\"https:\/\/www.facebook.com\/fecec.federacio\/\" \/>\n<meta property=\"article:modified_time\" content=\"2026-03-02T16:13:08+00:00\" \/>\n<meta name=\"twitter:card\" content=\"summary_large_image\" \/>\n<meta name=\"twitter:site\" content=\"@FececFederacio\" \/>\n<script type=\"application\/ld+json\" class=\"yoast-schema-graph\">{\"@context\":\"https:\\\/\\\/schema.org\",\"@graph\":[{\"@type\":\"WebPage\",\"@id\":\"https:\\\/\\\/juntscontraelcancer.cat\\\/es\\\/organizacion\\\/\",\"url\":\"https:\\\/\\\/juntscontraelcancer.cat\\\/es\\\/organizacion\\\/\",\"name\":\"Organizaci\u00f3n - Junts contra el c\u00e0ncer - FECEC\",\"isPartOf\":{\"@id\":\"https:\\\/\\\/juntscontraelcancer.cat\\\/es\\\/#website\"},\"datePublished\":\"2023-02-03T10:31:52+00:00\",\"dateModified\":\"2026-03-02T16:13:08+00:00\",\"breadcrumb\":{\"@id\":\"https:\\\/\\\/juntscontraelcancer.cat\\\/es\\\/organizacion\\\/#breadcrumb\"},\"inLanguage\":\"es\",\"potentialAction\":[{\"@type\":\"ReadAction\",\"target\":[\"https:\\\/\\\/juntscontraelcancer.cat\\\/es\\\/organizacion\\\/\"]}]},{\"@type\":\"BreadcrumbList\",\"@id\":\"https:\\\/\\\/juntscontraelcancer.cat\\\/es\\\/organizacion\\\/#breadcrumb\",\"itemListElement\":[{\"@type\":\"ListItem\",\"position\":1,\"name\":\"Inicio\",\"item\":\"https:\\\/\\\/juntscontraelcancer.cat\\\/es\\\/\"},{\"@type\":\"ListItem\",\"position\":2,\"name\":\"Organizaci\u00f3n\"}]},{\"@type\":\"WebSite\",\"@id\":\"https:\\\/\\\/juntscontraelcancer.cat\\\/es\\\/#website\",\"url\":\"https:\\\/\\\/juntscontraelcancer.cat\\\/es\\\/\",\"name\":\"Junts contra el c\u00e0ncer - FECEC\",\"description\":\"\",\"publisher\":{\"@id\":\"https:\\\/\\\/juntscontraelcancer.cat\\\/es\\\/#organization\"},\"potentialAction\":[{\"@type\":\"SearchAction\",\"target\":{\"@type\":\"EntryPoint\",\"urlTemplate\":\"https:\\\/\\\/juntscontraelcancer.cat\\\/es\\\/?s={search_term_string}\"},\"query-input\":{\"@type\":\"PropertyValueSpecification\",\"valueRequired\":true,\"valueName\":\"search_term_string\"}}],\"inLanguage\":\"es\"},{\"@type\":\"Organization\",\"@id\":\"https:\\\/\\\/juntscontraelcancer.cat\\\/es\\\/#organization\",\"name\":\"Junts contra el c\u00e0ncer - FECEC\",\"url\":\"https:\\\/\\\/juntscontraelcancer.cat\\\/es\\\/\",\"logo\":{\"@type\":\"ImageObject\",\"inLanguage\":\"es\",\"@id\":\"https:\\\/\\\/juntscontraelcancer.cat\\\/es\\\/#\\\/schema\\\/logo\\\/image\\\/\",\"url\":\"https:\\\/\\\/juntscontraelcancer.cat\\\/wp-content\\\/uploads\\\/2023\\\/01\\\/logo-fecec-header.png\",\"contentUrl\":\"https:\\\/\\\/juntscontraelcancer.cat\\\/wp-content\\\/uploads\\\/2023\\\/01\\\/logo-fecec-header.png\",\"width\":126,\"height\":74,\"caption\":\"Junts contra el c\u00e0ncer - FECEC\"},\"image\":{\"@id\":\"https:\\\/\\\/juntscontraelcancer.cat\\\/es\\\/#\\\/schema\\\/logo\\\/image\\\/\"},\"sameAs\":[\"https:\\\/\\\/www.facebook.com\\\/fecec.federacio\\\/\",\"https:\\\/\\\/x.com\\\/FececFederacio\",\"https:\\\/\\\/www.instagram.com\\\/fececfederacio\\\/?hl=es\",\"https:\\\/\\\/www.youtube.com\\\/channel\\\/UCgAC_6c6hmHwMQhSCQyYBdA\"]}]}<\/script>\n<!-- \/ Yoast SEO plugin. -->","yoast_head_json":{"title":"Organizaci\u00f3n - Junts contra el c\u00e0ncer - FECEC","robots":{"index":"index","follow":"follow","max-snippet":"max-snippet:-1","max-image-preview":"max-image-preview:large","max-video-preview":"max-video-preview:-1"},"canonical":"https:\/\/juntscontraelcancer.cat\/es\/organizacion\/","og_locale":"es_ES","og_type":"article","og_title":"Organizaci\u00f3n - Junts contra el c\u00e0ncer - FECEC","og_url":"https:\/\/juntscontraelcancer.cat\/es\/organizacion\/","og_site_name":"Junts contra el c\u00e0ncer - FECEC","article_publisher":"https:\/\/www.facebook.com\/fecec.federacio\/","article_modified_time":"2026-03-02T16:13:08+00:00","twitter_card":"summary_large_image","twitter_site":"@FececFederacio","schema":{"@context":"https:\/\/schema.org","@graph":[{"@type":"WebPage","@id":"https:\/\/juntscontraelcancer.cat\/es\/organizacion\/","url":"https:\/\/juntscontraelcancer.cat\/es\/organizacion\/","name":"Organizaci\u00f3n - Junts contra el c\u00e0ncer - FECEC","isPartOf":{"@id":"https:\/\/juntscontraelcancer.cat\/es\/#website"},"datePublished":"2023-02-03T10:31:52+00:00","dateModified":"2026-03-02T16:13:08+00:00","breadcrumb":{"@id":"https:\/\/juntscontraelcancer.cat\/es\/organizacion\/#breadcrumb"},"inLanguage":"es","potentialAction":[{"@type":"ReadAction","target":["https:\/\/juntscontraelcancer.cat\/es\/organizacion\/"]}]},{"@type":"BreadcrumbList","@id":"https:\/\/juntscontraelcancer.cat\/es\/organizacion\/#breadcrumb","itemListElement":[{"@type":"ListItem","position":1,"name":"Inicio","item":"https:\/\/juntscontraelcancer.cat\/es\/"},{"@type":"ListItem","position":2,"name":"Organizaci\u00f3n"}]},{"@type":"WebSite","@id":"https:\/\/juntscontraelcancer.cat\/es\/#website","url":"https:\/\/juntscontraelcancer.cat\/es\/","name":"Junts contra el c\u00e0ncer - FECEC","description":"","publisher":{"@id":"https:\/\/juntscontraelcancer.cat\/es\/#organization"},"potentialAction":[{"@type":"SearchAction","target":{"@type":"EntryPoint","urlTemplate":"https:\/\/juntscontraelcancer.cat\/es\/?s={search_term_string}"},"query-input":{"@type":"PropertyValueSpecification","valueRequired":true,"valueName":"search_term_string"}}],"inLanguage":"es"},{"@type":"Organization","@id":"https:\/\/juntscontraelcancer.cat\/es\/#organization","name":"Junts contra el c\u00e0ncer - FECEC","url":"https:\/\/juntscontraelcancer.cat\/es\/","logo":{"@type":"ImageObject","inLanguage":"es","@id":"https:\/\/juntscontraelcancer.cat\/es\/#\/schema\/logo\/image\/","url":"https:\/\/juntscontraelcancer.cat\/wp-content\/uploads\/2023\/01\/logo-fecec-header.png","contentUrl":"https:\/\/juntscontraelcancer.cat\/wp-content\/uploads\/2023\/01\/logo-fecec-header.png","width":126,"height":74,"caption":"Junts contra el c\u00e0ncer - FECEC"},"image":{"@id":"https:\/\/juntscontraelcancer.cat\/es\/#\/schema\/logo\/image\/"},"sameAs":["https:\/\/www.facebook.com\/fecec.federacio\/","https:\/\/x.com\/FececFederacio","https:\/\/www.instagram.com\/fececfederacio\/?hl=es","https:\/\/www.youtube.com\/channel\/UCgAC_6c6hmHwMQhSCQyYBdA"]}]}},"_links":{"self":[{"href":"https:\/\/juntscontraelcancer.cat\/es\/wp-json\/wp\/v2\/pages\/15550","targetHints":{"allow":["GET"]}}],"collection":[{"href":"https:\/\/juntscontraelcancer.cat\/es\/wp-json\/wp\/v2\/pages"}],"about":[{"href":"https:\/\/juntscontraelcancer.cat\/es\/wp-json\/wp\/v2\/types\/page"}],"author":[{"embeddable":true,"href":"https:\/\/juntscontraelcancer.cat\/es\/wp-json\/wp\/v2\/users\/1"}],"replies":[{"embeddable":true,"href":"https:\/\/juntscontraelcancer.cat\/es\/wp-json\/wp\/v2\/comments?post=15550"}],"version-history":[{"count":116,"href":"https:\/\/juntscontraelcancer.cat\/es\/wp-json\/wp\/v2\/pages\/15550\/revisions"}],"predecessor-version":[{"id":43329,"href":"https:\/\/juntscontraelcancer.cat\/es\/wp-json\/wp\/v2\/pages\/15550\/revisions\/43329"}],"wp:attachment":[{"href":"https:\/\/juntscontraelcancer.cat\/es\/wp-json\/wp\/v2\/media?parent=15550"}],"curies":[{"name":"wp","href":"https:\/\/api.w.org\/{rel}","templated":true}]}}