{"id":15442,"date":"2023-04-26T11:59:56","date_gmt":"2023-04-26T10:59:56","guid":{"rendered":"https:\/\/junts.enproceso.es\/divulgacion-y-prevencion\/"},"modified":"2025-02-18T17:28:51","modified_gmt":"2025-02-18T16:28:51","slug":"divulgacion-y-prevencion","status":"publish","type":"page","link":"https:\/\/juntscontraelcancer.cat\/es\/divulgacion-y-prevencion\/","title":{"rendered":"Divulgaci\u00f3n y prevenci\u00f3n"},"content":{"rendered":"\n\n\t<section class=\"section\" id=\"section_1895679543\">\n\t\t<div class=\"section-bg fill\" >\n\t\t\t\t\t\t\t\t\t\n\t\t\t\n\n\t\t<\/div>\n\n\t\t\n\n\t\t<div class=\"section-content relative\">\n\t\t\t\n\n\n  <div class=\"banner has-hover onda-top-interior\" id=\"banner-265054505\">\n          <div class=\"banner-inner fill\">\n        <div class=\"banner-bg fill\" >\n            <img loading=\"lazy\" decoding=\"async\" width=\"1440\" height=\"243\" src=\"https:\/\/juntscontraelcancer.cat\/wp-content\/uploads\/2023\/03\/Slide-1.png\" class=\"bg attachment-original size-original\" alt=\"\" \/>                                    \n                    <\/div>\n\t\t\n        <div class=\"banner-layers container\">\n            <div class=\"fill banner-link\"><\/div>            \n\n   <div id=\"text-box-308360797\" class=\"text-box banner-layer x50 md-x50 lg-x50 y50 md-y50 lg-y50 res-text\">\n                                <div class=\"text-box-content text dark\">\n              \n              <div class=\"text-inner text-center\">\n                  \n\n<h1>Divulgaci\u00f3n y prevenci\u00f3n<\/h1>\n\n              <\/div>\n           <\/div>\n                            \n<style>\n#text-box-308360797 {\n  width: 60%;\n}\n#text-box-308360797 .text-box-content {\n  font-size: 100%;\n}\n<\/style>\n    <\/div>\n \n\n        <\/div>\n      <\/div>\n\n            \n<style>\n#banner-265054505 {\n  padding-top: 243px;\n}\n<\/style>\n  <\/div>\n\n\n\n\t\t<\/div>\n\n\t\t\n<style>\n#section_1895679543 {\n  padding-top: 0px;\n  padding-bottom: 0px;\n}\n<\/style>\n\t<\/section>\n\t\n\n\t<section class=\"section\" id=\"section_1230001958\">\n\t\t<div class=\"section-bg fill\" >\n\t\t\t\t\t\t\t\t\t\n\t\t\t\n\n\t\t<\/div>\n\n\t\t\n\n\t\t<div class=\"section-content relative\">\n\t\t\t\n\n<div class=\"row\"  id=\"row-1090482942\">\n\n\n\t<div id=\"col-164008184\" class=\"col small-12 large-12\"  data-animate=\"fadeInUp\">\n\t\t\t\t<div class=\"col-inner\"  >\n\t\t\t\n\t\t\t\n\n\t<div id=\"text-2777337669\" class=\"text p3\">\n\t\t\n\n<span><span><a href=\"https:\/\/juntscontraelcancer.cat\/es\/\">Inicio<\/a><\/span><\/span>\n\t\t\t<\/div>\n\t\n\t<div id=\"gap-2132901291\" class=\"gap-element clearfix\" style=\"display:block; height:auto;\">\n\t\t\n<style>\n#gap-2132901291 {\n  padding-top: 30px;\n}\n<\/style>\n\t<\/div>\n\t\r\n<h2><strong><span style=\"color: #373737;\">Divulgaci\u00f3n y prevenci\u00f3n<\/span><\/strong><\/h2>\r\n<div class=\"is-divider divider clearfix\" style=\"margin-top:24px;margin-bottom:24px;max-width:123px;background-color:rgb(165, 45, 56);\"><\/div>\r\n\r\n<p>La FECEC, Juntos contra el C\u00e1ncer ofrece el programa de Divulgaci\u00f3n y prevenci\u00f3n a la poblaci\u00f3n en general con el objetivo de difundir la necesidad de adoptar un estilo de vida saludable para reducir el riesgo de padecer c\u00e1ncer, como recoge el C\u00f3digo Europeo contra el C\u00e1ncer.<\/p>\r\n\r\n\t<div id=\"gap-1642052619\" class=\"gap-element clearfix\" style=\"display:block; height:auto;\">\n\t\t\n<style>\n#gap-1642052619 {\n  padding-top: 20px;\n}\n<\/style>\n\t<\/div>\n\t\r\n<h3>Semana Catalana de la Prevenci\u00f3n del C\u00e1ncer (SECAPC)<\/h3>\r\n\t<div id=\"gap-1884167989\" class=\"gap-element clearfix\" style=\"display:block; height:auto;\">\n\t\t\n<style>\n#gap-1884167989 {\n  padding-top: 15px;\n}\n<\/style>\n\t<\/div>\n\t\r\n\r\n<p>La Federaci\u00f3n Catalana de Entidades contra el C\u00e1ncer (FECEC) organiza anualmente la Semana Catalana de la Prevenci\u00f3n del C\u00e1ncer (SECAPC), que re\u00fane decenas de actividades en toda Catalu\u00f1a. El objetivo de la convocatoria es difundir las recomendaciones del C\u00f3digo Europeo contra el C\u00e1ncer para fomentar estilos de vida saludables y reducir el riesgo de padecer c\u00e1ncer: seguir una alimentaci\u00f3n saludable, evitar el sobrepeso y la obesidad, y la realizaci\u00f3n de actividad f\u00edsica moderada de forma diaria. El lema de la SECAPC es #menjasaimoute.<\/p>\n\n\t\t<\/div>\n\t\t\t\t\t<\/div>\n\n\t\n\n<\/div>\n<div class=\"row row-collapse align-equal\"  id=\"row-2066685259\">\n\n\n\t<div id=\"col-657634104\" class=\"col medium-6 small-12 large-6\"  >\n\t\t\t\t<div class=\"col-inner\"  >\n\t\t\t\n\t\t\t\n\n\t<div class=\"img has-hover x md-x lg-x y md-y lg-y\" id=\"image_722122270\">\n\t\t\t\t\t\t<div data-animate=\"fadeInRight\">\t\t<div class=\"img-inner image-cover dark\" style=\"padding-top:330px;\">\n\t\t\t<img loading=\"lazy\" decoding=\"async\" width=\"1200\" height=\"675\" src=\"https:\/\/juntscontraelcancer.cat\/wp-content\/uploads\/2025\/02\/00_twitter_post-1.png\" class=\"attachment-original size-original\" alt=\"\" srcset=\"https:\/\/juntscontraelcancer.cat\/wp-content\/uploads\/2025\/02\/00_twitter_post-1.png 1200w, https:\/\/juntscontraelcancer.cat\/wp-content\/uploads\/2025\/02\/00_twitter_post-1-300x169.png 300w, https:\/\/juntscontraelcancer.cat\/wp-content\/uploads\/2025\/02\/00_twitter_post-1-1024x576.png 1024w, https:\/\/juntscontraelcancer.cat\/wp-content\/uploads\/2025\/02\/00_twitter_post-1-768x432.png 768w\" sizes=\"auto, (max-width: 1200px) 100vw, 1200px\" \/>\t\t\t\t\t\t\n\t\t\t\t\t<\/div>\n\t\t<\/div>\t\t\t\t\t\t\n<style>\n#image_722122270 {\n  width: 100%;\n}\n<\/style>\n\t<\/div>\n\t\n\n\n\t\t<\/div>\n\t\t\t\t\t<\/div>\n\n\t\n\n\t<div id=\"col-2057108671\" class=\"col medium-6 small-12 large-6\"  data-animate=\"fadeInRight\">\n\t\t\t\t<div class=\"col-inner\" style=\"background-color:rgb(165, 45, 56);\" >\n\t\t\t\n\t\t\t\n\n\n  <div class=\"banner has-hover onda-top\" id=\"banner-2018502534\">\n          <div class=\"banner-inner fill\">\n        <div class=\"banner-bg fill\" >\n                                                \n                    <\/div>\n\t\t\n        <div class=\"banner-layers container\">\n            <div class=\"fill banner-link\"><\/div>            \n\n   <div id=\"text-box-255156783\" class=\"text-box banner-layer x50 md-x50 lg-x50 y50 md-y50 lg-y50 res-text\">\n                                <div class=\"text-box-content text dark\">\n              \n              <div class=\"text-inner text-left\">\n                  \n\n\t<div id=\"text-1084235964\" class=\"text p2\">\n\t\t\n\n<p>La Semana Catalana de Prevenci\u00f3n del C\u00e1ncer est\u00e1 dirigida al p\u00fablico en general y cada a\u00f1o se organizan, tambi\u00e9n, actividades para un p\u00fablico espec\u00edfico determinado: adultos, ancianos, ni\u00f1os&#8230;<\/p>\n\t\t\n<style>\n#text-1084235964 {\n  color: rgb(255, 255, 255);\n}\n#text-1084235964 > * {\n  color: rgb(255, 255, 255);\n}\n<\/style>\n\t<\/div>\n\t\n\n              <\/div>\n           <\/div>\n                            \n<style>\n#text-box-255156783 {\n  width: 80%;\n}\n#text-box-255156783 .text-box-content {\n  font-size: 100%;\n}\n<\/style>\n    <\/div>\n \n\n        <\/div>\n      <\/div>\n\n            \n<style>\n#banner-2018502534 {\n  padding-top: 330px;\n}\n<\/style>\n  <\/div>\n\n\n\n\t\t<\/div>\n\t\t\t\t\t<\/div>\n\n\t\n\n<\/div>\n\t<div id=\"gap-2052862970\" class=\"gap-element clearfix\" style=\"display:block; height:auto;\">\n\t\t\n<style>\n#gap-2052862970 {\n  padding-top: 30px;\n}\n<\/style>\n\t<\/div>\n\t\n\n<div class=\"row row-collapse align-equal\"  id=\"row-966979406\">\n\n\n\t<div id=\"col-1312165117\" class=\"col medium-6 small-12 large-6\"  data-animate=\"fadeInLeft\">\n\t\t\t\t<div class=\"col-inner\" style=\"background-color:rgb(165, 45, 56);\" >\n\t\t\t\n\t\t\t\n\n\t<div class=\"img has-hover show-for-medium x md-x lg-x y md-y lg-y\" id=\"image_1070638356\">\n\t\t\t\t\t\t<div data-animate=\"fadeInLeft\">\t\t<div class=\"img-inner image-cover dark\" style=\"padding-top:330px;\">\n\t\t\t<img loading=\"lazy\" decoding=\"async\" width=\"550\" height=\"330\" src=\"https:\/\/juntscontraelcancer.cat\/wp-content\/uploads\/2023\/01\/Nens.png\" class=\"attachment-original size-original\" alt=\"\" srcset=\"https:\/\/juntscontraelcancer.cat\/wp-content\/uploads\/2023\/01\/Nens.png 550w, https:\/\/juntscontraelcancer.cat\/wp-content\/uploads\/2023\/01\/Nens-300x180.png 300w\" sizes=\"auto, (max-width: 550px) 100vw, 550px\" \/>\t\t\t\t\t\t\n\t\t\t\t\t<\/div>\n\t\t<\/div>\t\t\t\t\t\t\n<style>\n#image_1070638356 {\n  width: 100%;\n}\n<\/style>\n\t<\/div>\n\t\n\n\n  <div class=\"banner has-hover onda-bottom\" id=\"banner-499217226\">\n          <div class=\"banner-inner fill\">\n        <div class=\"banner-bg fill\" >\n                                                \n                    <\/div>\n\t\t\n        <div class=\"banner-layers container\">\n            <div class=\"fill banner-link\"><\/div>            \n\n   <div id=\"text-box-1793021379\" class=\"text-box banner-layer x50 md-x50 lg-x50 y50 md-y50 lg-y50 res-text\">\n                                <div class=\"text-box-content text dark\">\n              \n              <div class=\"text-inner text-left\">\n                  \n\n\t<div id=\"text-2622293541\" class=\"text p2\">\n\t\t\n\n<p>Estas actividades abarcan desde talleres de alimentaci\u00f3n saludable para adultos, a charlas en formato presencial u online, divulgaci\u00f3n y sensibilizaci\u00f3n online a trav\u00e9s de la web y redes sociales, actividades en las escuelas para ni\u00f1os, etc.<br>\r\nLas entidades federadas y sus voluntarios participan en la organizaci\u00f3n de las actividades de la SECAPC a lo largo de todo el territorio catal\u00e1n.<\/p>\n\t\t\n<style>\n#text-2622293541 {\n  color: rgb(255, 255, 255);\n}\n#text-2622293541 > * {\n  color: rgb(255, 255, 255);\n}\n<\/style>\n\t<\/div>\n\t\n\n              <\/div>\n           <\/div>\n                            \n<style>\n#text-box-1793021379 {\n  width: 80%;\n}\n#text-box-1793021379 .text-box-content {\n  font-size: 100%;\n}\n<\/style>\n    <\/div>\n \n\n        <\/div>\n      <\/div>\n\n            \n<style>\n#banner-499217226 {\n  padding-top: 330px;\n}\n<\/style>\n  <\/div>\n\n\n\n\t\t<\/div>\n\t\t\t\t\t<\/div>\n\n\t\n\n\t<div id=\"col-298348080\" class=\"col medium-6 small-12 large-6\"  >\n\t\t\t\t<div class=\"col-inner\"  >\n\t\t\t\n\t\t\t\n\n\t<div class=\"img has-hover hide-for-medium x md-x lg-x y md-y lg-y\" id=\"image_116450590\">\n\t\t\t\t\t\t<div data-animate=\"fadeInLeft\">\t\t<div class=\"img-inner image-cover dark\" style=\"padding-top:330px;\">\n\t\t\t<img loading=\"lazy\" decoding=\"async\" width=\"550\" height=\"330\" src=\"https:\/\/juntscontraelcancer.cat\/wp-content\/uploads\/2023\/01\/Nens.png\" class=\"attachment-original size-original\" alt=\"\" srcset=\"https:\/\/juntscontraelcancer.cat\/wp-content\/uploads\/2023\/01\/Nens.png 550w, https:\/\/juntscontraelcancer.cat\/wp-content\/uploads\/2023\/01\/Nens-300x180.png 300w\" sizes=\"auto, (max-width: 550px) 100vw, 550px\" \/>\t\t\t\t\t\t\n\t\t\t\t\t<\/div>\n\t\t<\/div>\t\t\t\t\t\t\n<style>\n#image_116450590 {\n  width: 100%;\n}\n<\/style>\n\t<\/div>\n\t\n\n\n\t\t<\/div>\n\t\t\t\t\t<\/div>\n\n\t\n\n<\/div>\n\t<div id=\"gap-1828002596\" class=\"gap-element clearfix\" style=\"display:block; height:auto;\">\n\t\t\n<style>\n#gap-1828002596 {\n  padding-top: 35px;\n}\n<\/style>\n\t<\/div>\n\t\n\n\n\t\t<\/div>\n\n\t\t\n<style>\n#section_1230001958 {\n  padding-top: 30px;\n  padding-bottom: 30px;\n}\n<\/style>\n\t<\/section>\n\t\n\n\t<section class=\"section bg-section-top-right-organitzacio\" id=\"section_500546231\">\n\t\t<div class=\"section-bg fill\" >\n\t\t\t<img loading=\"lazy\" decoding=\"async\" width=\"2500\" height=\"851\" src=\"https:\/\/juntscontraelcancer.cat\/wp-content\/uploads\/2023\/02\/FECEC-Ondas-Corporativas-Granate-1.png\" class=\"bg attachment-original size-original\" alt=\"\" \/>\t\t\t\t\t\t\n\t\t\t\n\n\t\t<\/div>\n\n\t\t\n\n\t\t<div class=\"section-content relative\">\n\t\t\t\n\n<div class=\"row\"  id=\"row-965786876\">\n\n\n\t<div id=\"col-1148588155\" class=\"col small-12 large-12\"  >\n\t\t\t\t<div class=\"col-inner\"  >\n\t\t\t\n\t\t\t\n\n\t<div id=\"gap-326116602\" class=\"gap-element clearfix\" style=\"display:block; height:auto;\">\n\t\t\n<style>\n#gap-326116602 {\n  padding-top: 35px;\n}\n<\/style>\n\t<\/div>\n\t\r\n<h3>Charlas divulgativas<\/h3>\r\n\t<div id=\"gap-149451497\" class=\"gap-element clearfix\" style=\"display:block; height:auto;\">\n\t\t\n<style>\n#gap-149451497 {\n  padding-top: 15px;\n}\n<\/style>\n\t<\/div>\n\t\r\n\r\n<p>La FECEC, Junts contra el C\u00e0ncer organiza charlas divulgativas en diferentes formatos. Est\u00e1n dirigidas al p\u00fablico en general, a pacientes y familiares de personas con c\u00e1ncer. Las charlas divulgativas tratan siempre sobre diversos aspectos de la enfermedad, desde la prevenci\u00f3n, el diagn\u00f3stico, el tratamiento y el despu\u00e9s del c\u00e1ncer.<\/p>\r\n\r\n<p><strong>Estas charlas se realizan en formato presencial, online y streaming por YouTube o Instagram Live.<\/strong><\/p>\n\n\t\t<\/div>\n\t\t\t\t\t<\/div>\n\n\t\n\n\t<div id=\"col-1789322145\" class=\"col medium-6 small-12 large-6\"  data-animate=\"fadeInRight\">\n\t\t\t\t<div class=\"col-inner\"  >\n\t\t\t\n\t\t\t\n\n\n  <div class=\"banner has-hover\" id=\"banner-1755797467\">\n          <div class=\"banner-inner fill\">\n        <div class=\"banner-bg fill\" >\n            <img loading=\"lazy\" decoding=\"async\" width=\"511\" height=\"342\" src=\"https:\/\/juntscontraelcancer.cat\/wp-content\/uploads\/2023\/02\/Cicle20AnysFECEC.png\" class=\"bg attachment-original size-original\" alt=\"\" \/>                                    \n                    <\/div>\n\t\t\n        <div class=\"banner-layers container\">\n            <div class=\"fill banner-link\"><\/div>            \n\n\t<div class=\"img has-hover x50 md-x50 lg-x50 y50 md-y50 lg-y50\" id=\"image_765001680\">\n\t\t<a class=\"\" href=\"https:\/\/www.youtube.com\/playlist?list=PLNektD-XrNsZGNVe9fQR8QcqbJm5y2yyA\" target=\"_blank\" rel=\"noopener\" >\t\t\t\t\t\t<div class=\"img-inner dark\" >\n\t\t\t<img loading=\"lazy\" decoding=\"async\" width=\"87\" height=\"87\" src=\"https:\/\/juntscontraelcancer.cat\/wp-content\/uploads\/2023\/02\/SimboloPlay.png\" class=\"attachment-original size-original\" alt=\"\" \/>\t\t\t\t\t\t\n\t\t\t\t\t<\/div>\n\t\t\t\t\t\t<\/a>\t\t\n<style>\n#image_765001680 {\n  width: 17%;\n}\n<\/style>\n\t<\/div>\n\t\n\n\n        <\/div>\n      <\/div>\n\n              <div class=\"height-fix is-invisible\"><img loading=\"lazy\" decoding=\"async\" width=\"511\" height=\"342\" src=\"https:\/\/juntscontraelcancer.cat\/wp-content\/uploads\/2023\/02\/Cicle20AnysFECEC.png\" class=\"attachment-original size-original\" alt=\"\" srcset=\"https:\/\/juntscontraelcancer.cat\/wp-content\/uploads\/2023\/02\/Cicle20AnysFECEC.png 511w, https:\/\/juntscontraelcancer.cat\/wp-content\/uploads\/2023\/02\/Cicle20AnysFECEC-300x201.png 300w\" sizes=\"auto, (max-width: 511px) 100vw, 511px\" \/><\/div>\n              <\/div>\n\n\n\t<div id=\"gap-996270116\" class=\"gap-element clearfix\" style=\"display:block; height:auto;\">\n\t\t\n<style>\n#gap-996270116 {\n  padding-top: 30px;\n}\n<\/style>\n\t<\/div>\n\t\r\n\r\n<p><strong>Ciclo 20 a\u00f1os FECEC: \u201cC\u00e1ncer: presente y futuro\u201d<\/strong><\/p>\n\n\t\t<\/div>\n\t\t\t\t\t<\/div>\n\n\t\n\n\t<div id=\"col-321797821\" class=\"col medium-6 small-12 large-6\"  data-animate=\"fadeInRight\">\n\t\t\t\t<div class=\"col-inner\"  >\n\t\t\t\n\t\t\t\n\n\n  <div class=\"banner has-hover\" id=\"banner-1082664848\">\n          <div class=\"banner-inner fill\">\n        <div class=\"banner-bg fill\" >\n            <img loading=\"lazy\" decoding=\"async\" width=\"511\" height=\"342\" src=\"https:\/\/juntscontraelcancer.cat\/wp-content\/uploads\/2023\/02\/CicleDialegsFECEC.png\" class=\"bg attachment-original size-original\" alt=\"\" \/>                                    \n                    <\/div>\n\t\t\n        <div class=\"banner-layers container\">\n            <div class=\"fill banner-link\"><\/div>            \n\n\t<div class=\"img has-hover x50 md-x50 lg-x50 y50 md-y50 lg-y50\" id=\"image_1791173976\">\n\t\t<a class=\"\" href=\"https:\/\/www.youtube.com\/playlist?list=PLNektD-XrNsZGNVe9fQR8QcqbJm5y2yyA\" target=\"_blank\" rel=\"noopener\" >\t\t\t\t\t\t<div class=\"img-inner dark\" >\n\t\t\t<img loading=\"lazy\" decoding=\"async\" width=\"87\" height=\"87\" src=\"https:\/\/juntscontraelcancer.cat\/wp-content\/uploads\/2023\/02\/SimboloPlay.png\" class=\"attachment-original size-original\" alt=\"\" \/>\t\t\t\t\t\t\n\t\t\t\t\t<\/div>\n\t\t\t\t\t\t<\/a>\t\t\n<style>\n#image_1791173976 {\n  width: 17%;\n}\n<\/style>\n\t<\/div>\n\t\n\n\n        <\/div>\n      <\/div>\n\n              <div class=\"height-fix is-invisible\"><img loading=\"lazy\" decoding=\"async\" width=\"511\" height=\"342\" src=\"https:\/\/juntscontraelcancer.cat\/wp-content\/uploads\/2023\/02\/CicleDialegsFECEC.png\" class=\"attachment-original size-original\" alt=\"\" srcset=\"https:\/\/juntscontraelcancer.cat\/wp-content\/uploads\/2023\/02\/CicleDialegsFECEC.png 511w, https:\/\/juntscontraelcancer.cat\/wp-content\/uploads\/2023\/02\/CicleDialegsFECEC-300x201.png 300w\" sizes=\"auto, (max-width: 511px) 100vw, 511px\" \/><\/div>\n              <\/div>\n\n\n\t<div id=\"gap-1354565681\" class=\"gap-element clearfix\" style=\"display:block; height:auto;\">\n\t\t\n<style>\n#gap-1354565681 {\n  padding-top: 30px;\n}\n<\/style>\n\t<\/div>\n\t\r\n\r\n<p><strong>Ciclo \u201cDi\u00e1logos FECEC: del antes al despu\u00e9s del c\u00e1ncer\u201d<\/strong><\/p>\r\n<p class=\"lead\"><\/p>\n\n\t\t<\/div>\n\t\t\t\t\t<\/div>\n\n\t\n\n<\/div>\n\n\t\t<\/div>\n\n\t\t\n<style>\n#section_500546231 {\n  padding-top: 30px;\n  padding-bottom: 30px;\n  background-color: rgb(245, 245, 245);\n}\n#section_500546231 .section-bg img {\n  object-position: 0% 100%;\n}\n<\/style>\n\t<\/section>\n\t\n\n\t<section class=\"section\" id=\"section_886644988\">\n\t\t<div class=\"section-bg fill\" >\n\t\t\t\t\t\t\t\t\t\n\t\t\t\n\n\t\t<\/div>\n\n\t\t\n\n\t\t<div class=\"section-content relative\">\n\t\t\t\n\n<div class=\"row\"  id=\"row-109634173\">\n\n\n\t<div id=\"col-1358079951\" class=\"col small-12 large-12\"  data-animate=\"fadeInUp\">\n\t\t\t\t<div class=\"col-inner\"  >\n\t\t\t\n\t\t\t\n\n\t<div id=\"gap-1023594202\" class=\"gap-element clearfix\" style=\"display:block; height:auto;\">\n\t\t\n<style>\n#gap-1023594202 {\n  padding-top: 35px;\n}\n<\/style>\n\t<\/div>\n\t\r\n<h3>Campa\u00f1a de protecci\u00f3n solar<\/h3>\r\n\t<div id=\"gap-534129921\" class=\"gap-element clearfix\" style=\"display:block; height:auto;\">\n\t\t\n<style>\n#gap-534129921 {\n  padding-top: 15px;\n}\n<\/style>\n\t<\/div>\n\t\r\n\r\n<p>La FECEC, Junts contra el C\u00e0ncer organiza anualmente la Campa\u00f1a de protecci\u00f3n solar en los meses de verano para concienciar a la poblaci\u00f3n sobre el c\u00e1ncer de piel. Los ejes de esta campa\u00f1a son:<\/p>\n\n\t\t<\/div>\n\t\t\t\t\t<\/div>\n\n\t\n\n<\/div>\n<div class=\"row row-collapse\"  id=\"row-1064923016\">\n\n\n\t<div id=\"col-293881010\" class=\"col medium-6 small-12 large-6\"  >\n\t\t\t\t<div class=\"col-inner\"  >\n\t\t\t\n\t\t\t\n\n\t<div class=\"img has-hover x md-x lg-x y md-y lg-y\" id=\"image_23394575\">\n\t\t\t\t\t\t<div data-animate=\"fadeInLeft\">\t\t<div class=\"img-inner image-cover dark\" style=\"padding-top:322px;\">\n\t\t\t<img loading=\"lazy\" decoding=\"async\" width=\"2288\" height=\"1712\" src=\"https:\/\/juntscontraelcancer.cat\/wp-content\/uploads\/2023\/05\/campanya-proteccio-solar.jpg\" class=\"attachment-original size-original\" alt=\"\" srcset=\"https:\/\/juntscontraelcancer.cat\/wp-content\/uploads\/2023\/05\/campanya-proteccio-solar.jpg 2288w, https:\/\/juntscontraelcancer.cat\/wp-content\/uploads\/2023\/05\/campanya-proteccio-solar-300x224.jpg 300w, https:\/\/juntscontraelcancer.cat\/wp-content\/uploads\/2023\/05\/campanya-proteccio-solar-1024x766.jpg 1024w, https:\/\/juntscontraelcancer.cat\/wp-content\/uploads\/2023\/05\/campanya-proteccio-solar-768x575.jpg 768w, https:\/\/juntscontraelcancer.cat\/wp-content\/uploads\/2023\/05\/campanya-proteccio-solar-1536x1149.jpg 1536w, https:\/\/juntscontraelcancer.cat\/wp-content\/uploads\/2023\/05\/campanya-proteccio-solar-2048x1532.jpg 2048w\" sizes=\"auto, (max-width: 2288px) 100vw, 2288px\" \/>\t\t\t\t\t\t\n\t\t\t\t\t<\/div>\n\t\t<\/div>\t\t\t\t\t\t\n<style>\n#image_23394575 {\n  width: 100%;\n}\n<\/style>\n\t<\/div>\n\t\n\n\n\t\t<\/div>\n\t\t\t\t\t<\/div>\n\n\t\n\n\t<div id=\"col-662932282\" class=\"col medium-6 small-12 large-6\"  data-animate=\"fadeInLeft\">\n\t\t\t\t<div class=\"col-inner\" style=\"background-color:rgb(165, 45, 56);\" >\n\t\t\t\n\t\t\t\n\n\n  <div class=\"banner has-hover onda-top\" id=\"banner-96485571\">\n          <div class=\"banner-inner fill\">\n        <div class=\"banner-bg fill\" >\n                                                \n                    <\/div>\n\t\t\n        <div class=\"banner-layers container\">\n            <div class=\"fill banner-link\"><\/div>            \n\n   <div id=\"text-box-1848677186\" class=\"text-box banner-layer x50 md-x50 lg-x50 y50 md-y50 lg-y50 res-text\">\n                                <div class=\"text-box-content text dark\">\n              \n              <div class=\"text-inner text-left\">\n                  \n\n\t<div id=\"text-1892642330\" class=\"text p2\">\n\t\t\n\n<p>Informar sobre la importancia de protegerse del sol, para prevenir el c\u00e1ncer de piel; dar a conocer los riesgos que comporta el sol (melanomas, problemas de vista\u2026) y c\u00f3mo prevenirlos; concienciar a la poblaci\u00f3n de que todo el mundo est\u00e1 expuesto al c\u00e1ncer y que la prevenci\u00f3n es una responsabilidad individual; e informar sobre los efectos a corto plazo del sol en la imagen (envejecimiento y p\u00e9rdida de elasticidad de la piel, manchas en la cara, arrugas&#8230;).<\/p>\n\t\t\n<style>\n#text-1892642330 {\n  color: rgb(255, 255, 255);\n}\n#text-1892642330 > * {\n  color: rgb(255, 255, 255);\n}\n<\/style>\n\t<\/div>\n\t\n\n              <\/div>\n           <\/div>\n                            \n<style>\n#text-box-1848677186 {\n  width: 80%;\n}\n#text-box-1848677186 .text-box-content {\n  font-size: 100%;\n}\n<\/style>\n    <\/div>\n \n\n        <\/div>\n      <\/div>\n\n            \n<style>\n#banner-96485571 {\n  padding-top: 322px;\n}\n<\/style>\n  <\/div>\n\n\n\n\t\t<\/div>\n\t\t\t\t\t<\/div>\n\n\t\n\n<\/div>\n\t<div id=\"gap-1180508932\" class=\"gap-element clearfix\" style=\"display:block; height:auto;\">\n\t\t\n<style>\n#gap-1180508932 {\n  padding-top: 35px;\n}\n<\/style>\n\t<\/div>\n\t\n\n\n\t\t<\/div>\n\n\t\t\n<style>\n#section_886644988 {\n  padding-top: 30px;\n  padding-bottom: 30px;\n}\n<\/style>\n\t<\/section>\n\t\n\n\t<section class=\"section bg-section-top-left-organitzacio\" id=\"section_1628725802\">\n\t\t<div class=\"section-bg fill\" >\n\t\t\t<img loading=\"lazy\" decoding=\"async\" width=\"2500\" height=\"851\" src=\"https:\/\/juntscontraelcancer.cat\/wp-content\/uploads\/2023\/02\/FECEC-Ondas-Corporativas-Granate-1.png\" class=\"bg attachment-original size-original\" alt=\"\" \/>\t\t\t\t\t\t\n\t\t\t\n\n\t\t<\/div>\n\n\t\t\n\n\t\t<div class=\"section-content relative\">\n\t\t\t\n\n<div class=\"row\"  id=\"row-225065443\">\n\n\n\t<div id=\"col-2092238186\" class=\"col small-12 large-12\"  data-animate=\"fadeInUp\">\n\t\t\t\t<div class=\"col-inner\"  >\n\t\t\t\n\t\t\t\n\n\t<div id=\"gap-1711059751\" class=\"gap-element clearfix\" style=\"display:block; height:auto;\">\n\t\t\n<style>\n#gap-1711059751 {\n  padding-top: 35px;\n}\n<\/style>\n\t<\/div>\n\t\r\n<h3>Campa\u00f1a Semana sin Humo<\/h3>\r\n\t<div id=\"gap-2017781314\" class=\"gap-element clearfix\" style=\"display:block; height:auto;\">\n\t\t\n<style>\n#gap-2017781314 {\n  padding-top: 15px;\n}\n<\/style>\n\t<\/div>\n\t\r\n\r\n<p>La <a href=\"https:\/\/salutpublica.gencat.cat\/ca\/ambits\/promocio_salut\/suma-salut\/dies-mundials\/setmana-sense-fum-2024\/\">Semana Sin Humo<\/a> es una iniciativa originaria de la Sociedad Espa\u00f1ola de Medicina Familiar y Comunitaria (semFYC). En Catalu\u00f1a, la organitza la Ag\u00e8ncia de Salut P\u00fablica (ASPCAT) en el contexto deL programa SumaSalut, conjuntamente con diversas entidades y organizaciones, entre las que se encuentra la FECEC, Junts contra el C\u00e0ncer.<\/p>\n\n\t\t<\/div>\n\t\t\t\t\t<\/div>\n\n\t\n\n<\/div>\n<div class=\"row row-collapse align-equal\"  id=\"row-43906018\">\n\n\n\t<div id=\"col-1661405548\" class=\"col medium-6 small-12 large-6\"  >\n\t\t\t\t<div class=\"col-inner\"  >\n\t\t\t\n\t\t\t\n\n\t<div class=\"img has-hover x md-x lg-x y md-y lg-y\" id=\"image_1058581654\">\n\t\t\t\t\t\t<div data-animate=\"fadeInRight\">\t\t<div class=\"img-inner image-cover dark\" style=\"padding-top:322px;\">\n\t\t\t<img loading=\"lazy\" decoding=\"async\" width=\"550\" height=\"322\" src=\"https:\/\/juntscontraelcancer.cat\/wp-content\/uploads\/2023\/01\/SetmanaSenseFum.png\" class=\"attachment-original size-original\" alt=\"\" srcset=\"https:\/\/juntscontraelcancer.cat\/wp-content\/uploads\/2023\/01\/SetmanaSenseFum.png 550w, https:\/\/juntscontraelcancer.cat\/wp-content\/uploads\/2023\/01\/SetmanaSenseFum-300x176.png 300w\" sizes=\"auto, (max-width: 550px) 100vw, 550px\" \/>\t\t\t\t\t\t\n\t\t\t\t\t<\/div>\n\t\t<\/div>\t\t\t\t\t\t\n<style>\n#image_1058581654 {\n  width: 100%;\n}\n<\/style>\n\t<\/div>\n\t\n\n\n\t\t<\/div>\n\t\t\t\t\t<\/div>\n\n\t\n\n\t<div id=\"col-2013544778\" class=\"col medium-6 small-12 large-6\"  data-animate=\"fadeInRight\">\n\t\t\t\t<div class=\"col-inner\" style=\"background-color:rgb(165, 45, 56);\" >\n\t\t\t\n\t\t\t\n\n\n  <div class=\"banner has-hover onda-top\" id=\"banner-2029123677\">\n          <div class=\"banner-inner fill\">\n        <div class=\"banner-bg fill\" >\n                                                \n                    <\/div>\n\t\t\n        <div class=\"banner-layers container\">\n            <div class=\"fill banner-link\"><\/div>            \n\n   <div id=\"text-box-1591922543\" class=\"text-box banner-layer x50 md-x50 lg-x50 y50 md-y50 lg-y50 res-text\">\n                                <div class=\"text-box-content text dark\">\n              \n              <div class=\"text-inner text-left\">\n                  \n\n\t<div id=\"text-4247526674\" class=\"text p2\">\n\t\t\n\n<p>Esta campa\u00f1a tiene como objetivo sensibilizar a la poblaci\u00f3n en general de la importancia de no fumar o dejar de fumar para disfrutar de un buen estado de salud. La Semana Sin Humo es una de las herramientas con las que cada uno se promueven conductas saludables, tanto para ni\u00f1os y adolescentes como para personas adultas y personas mayores.<\/p>\n\t\t\n<style>\n#text-4247526674 {\n  color: rgb(255, 255, 255);\n}\n#text-4247526674 > * {\n  color: rgb(255, 255, 255);\n}\n<\/style>\n\t<\/div>\n\t\n\n              <\/div>\n           <\/div>\n                            \n<style>\n#text-box-1591922543 {\n  width: 80%;\n}\n#text-box-1591922543 .text-box-content {\n  font-size: 100%;\n}\n<\/style>\n    <\/div>\n \n\n        <\/div>\n      <\/div>\n\n            \n<style>\n#banner-2029123677 {\n  padding-top: 322px;\n}\n<\/style>\n  <\/div>\n\n\n\n\t\t<\/div>\n\t\t\t\t\t<\/div>\n\n\t\n\n<\/div>\n\t<div id=\"gap-1633598021\" class=\"gap-element clearfix hide-for-medium\" style=\"display:block; height:auto;\">\n\t\t\n<style>\n#gap-1633598021 {\n  padding-top: 35px;\n}\n<\/style>\n\t<\/div>\n\t\n\n\n\t\t<\/div>\n\n\t\t\n<style>\n#section_1628725802 {\n  padding-top: 0px;\n  padding-bottom: 0px;\n  background-color: rgb(245, 245, 245);\n}\n@media (min-width:550px) {\n  #section_1628725802 {\n    padding-top: 30px;\n    padding-bottom: 30px;\n  }\n}\n<\/style>\n\t<\/section>\n\t\n\n\t<section class=\"section\" id=\"section_1067806526\">\n\t\t<div class=\"section-bg fill\" >\n\t\t\t\t\t\t\t\t\t\n\t\t\t\n\n\t\t<\/div>\n\n\t\t\n\n\t\t<div class=\"section-content relative\">\n\t\t\t\n\n<div class=\"row\"  id=\"row-911008494\">\n\n\n\t<div id=\"col-732758125\" class=\"col small-12 large-12\"  data-animate=\"fadeInUp\">\n\t\t\t\t<div class=\"col-inner\"  >\n\t\t\t\n\t\t\t\n\n\t<div id=\"gap-2022851797\" class=\"gap-element clearfix\" style=\"display:block; height:auto;\">\n\t\t\n<style>\n#gap-2022851797 {\n  padding-top: 35px;\n}\n<\/style>\n\t<\/div>\n\t\r\n<h3>Campa\u00f1a &#8216;Nassos contra el c\u00e0ncer&#8217;<\/h3>\r\n\t<div id=\"gap-932508424\" class=\"gap-element clearfix\" style=\"display:block; height:auto;\">\n\t\t\n<style>\n#gap-932508424 {\n  padding-top: 15px;\n}\n<\/style>\n\t<\/div>\n\t\r\n\r\n<p>La campa\u00f1a \u201cNassos contra el c\u00e0ncer\u201d de la FECEC, Junts contra el C\u00e0ncer va destinada a todo el que quiera participar en las carreras de San Silvestre que se organizan cada a\u00f1o en diferentes municipios de Catalu\u00f1a a finales de diciembre. En Catalu\u00f1a esta carrera tambi\u00e9n recibe el nombre de Cursa dels Nassos, en referencia al Home dels Nassos, un misterioso y m\u00edtico personaje que sale en esta fecha y que tiene tantas narices como d\u00edas del a\u00f1o.<\/p>\r\n\t<div id=\"gap-1195970004\" class=\"gap-element clearfix\" style=\"display:block; height:auto;\">\n\t\t\n<style>\n#gap-1195970004 {\n  padding-top: 15px;\n}\n<\/style>\n\t<\/div>\n\t\n\n\n\t\t<\/div>\n\t\t\t\t\t<\/div>\n\n\t\n\n<\/div>\n<div class=\"row row-collapse align-equal\"  id=\"row-1315847558\">\n\n\n\t<div id=\"col-865215930\" class=\"col medium-6 small-12 large-6\"  >\n\t\t\t\t<div class=\"col-inner\"  >\n\t\t\t\n\t\t\t\n\n\t<div class=\"img has-hover x md-x lg-x y md-y lg-y\" id=\"image_1520181149\">\n\t\t\t\t\t\t<div data-animate=\"fadeInLeft\">\t\t<div class=\"img-inner image-cover dark\" style=\"padding-top:379px;\">\n\t\t\t<img loading=\"lazy\" decoding=\"async\" width=\"550\" height=\"379\" src=\"https:\/\/juntscontraelcancer.cat\/wp-content\/uploads\/2023\/01\/NassosContraElCancer.png\" class=\"attachment-original size-original\" alt=\"\" srcset=\"https:\/\/juntscontraelcancer.cat\/wp-content\/uploads\/2023\/01\/NassosContraElCancer.png 550w, https:\/\/juntscontraelcancer.cat\/wp-content\/uploads\/2023\/01\/NassosContraElCancer-300x207.png 300w\" sizes=\"auto, (max-width: 550px) 100vw, 550px\" \/>\t\t\t\t\t\t\n\t\t\t\t\t<\/div>\n\t\t<\/div>\t\t\t\t\t\t\n<style>\n#image_1520181149 {\n  width: 100%;\n}\n<\/style>\n\t<\/div>\n\t\n\n\n\t\t<\/div>\n\t\t\t\t\t<\/div>\n\n\t\n\n\t<div id=\"col-1052909271\" class=\"col medium-6 small-12 large-6\"  data-animate=\"fadeInLeft\">\n\t\t\t\t<div class=\"col-inner\" style=\"background-color:rgb(165, 45, 56);\" >\n\t\t\t\n\t\t\t\n\n\n  <div class=\"banner has-hover onda-top\" id=\"banner-59405977\">\n          <div class=\"banner-inner fill\">\n        <div class=\"banner-bg fill\" >\n                                                \n                    <\/div>\n\t\t\n        <div class=\"banner-layers container\">\n            <div class=\"fill banner-link\"><\/div>            \n\n   <div id=\"text-box-1923520384\" class=\"text-box banner-layer x50 md-x50 lg-x50 y50 md-y50 lg-y50 res-text\">\n                                <div class=\"text-box-content text dark\">\n              \n              <div class=\"text-inner text-left\">\n                  \n\n\t<div id=\"text-1933638396\" class=\"text p2\">\n\t\t\n\n<p>Estos eventos, adem\u00e1s de ser deportivos y promover un estilo de vida saludable, se convierten en una causa solidaria en beneficio de la FECEC, Junts contra el C\u00e0ncer y de las entidades participantes con las adhesiones a la carrera. La recaudaci\u00f3n de los dorsales solidarios va en beneficio de la entidad y servir\u00e1n para poder continuar con las acciones que tanto la FECEC, Junts contra el C\u00e0ncer como las entidades llevan a cabo. Esta campa\u00f1a es posible gracias a la labor de los voluntarios y voluntarias de las entidades que forman parte de la Federaci\u00f3 Catalana d&#8217;Entitats contra el C\u00e0ncer (FECEC).<\/p>\n\t\t\n<style>\n#text-1933638396 {\n  color: rgb(255, 255, 255);\n}\n#text-1933638396 > * {\n  color: rgb(255, 255, 255);\n}\n<\/style>\n\t<\/div>\n\t\n\n              <\/div>\n           <\/div>\n                            \n<style>\n#text-box-1923520384 {\n  width: 80%;\n}\n#text-box-1923520384 .text-box-content {\n  font-size: 100%;\n}\n<\/style>\n    <\/div>\n \n\n        <\/div>\n      <\/div>\n\n            \n<style>\n#banner-59405977 {\n  padding-top: 379px;\n}\n<\/style>\n  <\/div>\n\n\n\n\t\t<\/div>\n\t\t\t\t\t<\/div>\n\n\t\n\n<\/div>\n\t<div id=\"gap-1303249327\" class=\"gap-element clearfix\" style=\"display:block; height:auto;\">\n\t\t\n<style>\n#gap-1303249327 {\n  padding-top: 35px;\n}\n<\/style>\n\t<\/div>\n\t\n\n\n\t\t<\/div>\n\n\t\t\n<style>\n#section_1067806526 {\n  padding-top: 30px;\n  padding-bottom: 30px;\n}\n<\/style>\n\t<\/section>\n\t\n\n\t<section class=\"section bg-section-top-right-organitzacio\" id=\"section_153244198\">\n\t\t<div class=\"section-bg fill\" >\n\t\t\t<img loading=\"lazy\" decoding=\"async\" width=\"2500\" height=\"851\" src=\"https:\/\/juntscontraelcancer.cat\/wp-content\/uploads\/2023\/02\/FECEC-Ondas-Corporativas-Granate-1.png\" class=\"bg attachment-original size-original\" alt=\"\" \/>\t\t\t\t\t\t\n\t\t\t\n\n\t\t<\/div>\n\n\t\t\n\n\t\t<div class=\"section-content relative\">\n\t\t\t\n\n<div class=\"row\"  id=\"row-779871120\">\n\n\n\t<div id=\"col-1876563207\" class=\"col small-12 large-12\"  >\n\t\t\t\t<div class=\"col-inner\"  >\n\t\t\t\n\t\t\t\n\n\t<div id=\"gap-70758496\" class=\"gap-element clearfix\" style=\"display:block; height:auto;\">\n\t\t\n<style>\n#gap-70758496 {\n  padding-top: 35px;\n}\n<\/style>\n\t<\/div>\n\t\r\n<h3>Campa\u00f1a &#8216;Pebrots pel c\u00e0ncer&#8217;<\/h3>\r\n\t<div id=\"gap-160167809\" class=\"gap-element clearfix\" style=\"display:block; height:auto;\">\n\t\t\n<style>\n#gap-160167809 {\n  padding-top: 15px;\n}\n<\/style>\n\t<\/div>\n\t\r\n\r\n<p>La campa\u00f1a de la Federaci\u00f3 Catalana d&#8217;Entitats contra el C\u00e0ncer (FECEC) se organiza junto con supermercados Condis. \u201cPebrots pel c\u00e0ncer\u201d consiste en la venta de bolsas de pimientos entre los clientes de la cadena a un precio simb\u00f3lico de un euro y medio.<\/p>\n\n\t\t<\/div>\n\t\t\t\t\t<\/div>\n\n\t\n\n<\/div>\n<div class=\"row row-collapse align-equal\"  id=\"row-1045742386\">\n\n\n\t<div id=\"col-1462866578\" class=\"col medium-6 small-12 large-6\"  >\n\t\t\t\t<div class=\"col-inner\"  >\n\t\t\t\n\t\t\t\n\n\t<div class=\"img has-hover x md-x lg-x y md-y lg-y\" id=\"image_1442813134\">\n\t\t\t\t\t\t<div data-animate=\"fadeInRight\">\t\t<div class=\"img-inner image-cover dark\" style=\"padding-top:379px;\">\n\t\t\t<img loading=\"lazy\" decoding=\"async\" width=\"550\" height=\"380\" src=\"https:\/\/juntscontraelcancer.cat\/wp-content\/uploads\/2023\/01\/PosemLiPebrotsAlCancer.png\" class=\"attachment-original size-original\" alt=\"\" srcset=\"https:\/\/juntscontraelcancer.cat\/wp-content\/uploads\/2023\/01\/PosemLiPebrotsAlCancer.png 550w, https:\/\/juntscontraelcancer.cat\/wp-content\/uploads\/2023\/01\/PosemLiPebrotsAlCancer-300x207.png 300w\" sizes=\"auto, (max-width: 550px) 100vw, 550px\" \/>\t\t\t\t\t\t\n\t\t\t\t\t<\/div>\n\t\t<\/div>\t\t\t\t\t\t\n<style>\n#image_1442813134 {\n  width: 100%;\n}\n<\/style>\n\t<\/div>\n\t\n\n\n\t\t<\/div>\n\t\t\t\t\t<\/div>\n\n\t\n\n\t<div id=\"col-1605946533\" class=\"col medium-6 small-12 large-6\"  data-animate=\"fadeInRight\">\n\t\t\t\t<div class=\"col-inner\" style=\"background-color:rgb(165, 45, 56);\" >\n\t\t\t\n\t\t\t\n\n\n  <div class=\"banner has-hover onda-top\" id=\"banner-1187169790\">\n          <div class=\"banner-inner fill\">\n        <div class=\"banner-bg fill\" >\n                                                \n                    <\/div>\n\t\t\n        <div class=\"banner-layers container\">\n            <div class=\"fill banner-link\"><\/div>            \n\n   <div id=\"text-box-2069233900\" class=\"text-box banner-layer x50 md-x50 lg-x50 y50 md-y50 lg-y50 res-text\">\n                                <div class=\"text-box-content text dark\">\n              \n              <div class=\"text-inner text-left\">\n                  \n\n\t<div id=\"text-984101401\" class=\"text p2\">\n\t\t\n\n<p>El objetivo de la campa\u00f1a es fomentar la solidaridad con las personas que padecen la enfermedad; difundir la labor de acompa\u00f1amiento que realizan las entidades vinculadas a la FECEC; y conseguir fondos para seguir desarrollando los programas de atenci\u00f3n y ayuda a los enfermos y sus familiares.<\/p>\r\n\r\n<p>Esta campa\u00f1a cuenta con la tarea imprescindible de las personas voluntarias de las entidades que forman parte de la FECEC, Junts contra el C\u00e0ncer.<\/p>\n\t\t\n<style>\n#text-984101401 {\n  color: rgb(255, 255, 255);\n}\n#text-984101401 > * {\n  color: rgb(255, 255, 255);\n}\n<\/style>\n\t<\/div>\n\t\n\n              <\/div>\n           <\/div>\n                            \n<style>\n#text-box-2069233900 {\n  width: 80%;\n}\n#text-box-2069233900 .text-box-content {\n  font-size: 100%;\n}\n<\/style>\n    <\/div>\n \n\n        <\/div>\n      <\/div>\n\n            \n<style>\n#banner-1187169790 {\n  padding-top: 379px;\n}\n<\/style>\n  <\/div>\n\n\n\n\t\t<\/div>\n\t\t\t\t\t<\/div>\n\n\t\n\n<\/div>\n\t<div id=\"gap-1385003307\" class=\"gap-element clearfix hide-for-medium\" style=\"display:block; height:auto;\">\n\t\t\n<style>\n#gap-1385003307 {\n  padding-top: 35px;\n}\n<\/style>\n\t<\/div>\n\t\n\n\n\t\t<\/div>\n\n\t\t\n<style>\n#section_153244198 {\n  padding-top: 0px;\n  padding-bottom: 0px;\n  background-color: rgb(243, 243, 243);\n}\n@media (min-width:550px) {\n  #section_153244198 {\n    padding-top: 30px;\n    padding-bottom: 30px;\n  }\n}\n<\/style>\n\t<\/section>\n\t\n\n\t<section class=\"section\" id=\"section_1354995593\">\n\t\t<div class=\"section-bg fill\" >\n\t\t\t\t\t\t\t\t\t\n\t\t\t\n\n\t\t<\/div>\n\n\t\t\n\n\t\t<div class=\"section-content relative\">\n\t\t\t\n\n<div class=\"row\"  id=\"row-1652099306\">\n\n\n\t<div id=\"col-1595858851\" class=\"col small-12 large-12\"  data-animate=\"fadeInUp\">\n\t\t\t\t<div class=\"col-inner\"  >\n\t\t\t\n\t\t\t\n\n\t<div id=\"gap-954646346\" class=\"gap-element clearfix\" style=\"display:block; height:auto;\">\n\t\t\n<style>\n#gap-954646346 {\n  padding-top: 25px;\n}\n<\/style>\n\t<\/div>\n\t\r\n<h3>D\u00edas Mundiales contra el C\u00e1ncer<\/h3>\r\n<p><strong><span style=\"color: #a52d38;\">4 de febrero: D\u00eda Mundial contra el C\u00e1ncer<\/span><\/strong><\/p>\r\n\r\n<p><span style=\"color: #373737;\">La jornada del <a href=\"https:\/\/www.worldcancerday.org\/\">D\u00eda Mundial del C\u00e1ncer<\/a> es una iniciativa de la <a href=\"https:\/\/www.uicc.org\/\" target=\"_blank\" rel=\"noopener\">Uni\u00f3n Internacional contra el C\u00e1ncer<\/a>\u00a0(UICC), apoyo de la <a href=\"https:\/\/www.uicc.org\/\" target=\"_blank\" rel=\"noopener\">Organizaci\u00f3n Mundial de la Salud<\/a> (OMS), en la que la FECEC, Juntos contra el C\u00e1ncer se adhiere y difunde en Catalu\u00f1a. El objetivo es sensibilizar sobre el c\u00e1ncer a la poblaci\u00f3n mundial, con especial incidencia en la prevenci\u00f3n, as\u00ed como incidir a gobiernos e individuos de todo el mundo para que se tomen medidas para luchar contra la enfermedad.<\/span><\/p>\n\n\t\t<\/div>\n\t\t\t\t\t<\/div>\n\n\t\n\n\t<div id=\"col-1580584358\" class=\"col medium-9 small-12 large-9\"  data-animate=\"fadeInUp\">\n\t\t\t\t<div class=\"col-inner\"  >\n\t\t\t\n\t\t\t\n\n<div class=\"row\"  id=\"row-244751318\">\n\n\n\t<div id=\"col-313929615\" class=\"col medium-6 small-12 large-6\"  >\n\t\t\t\t<div class=\"col-inner\"  >\n\t\t\t\n\t\t\t\n\n\t<div class=\"img has-hover x md-x lg-x y md-y lg-y\" id=\"image_1841215800\">\n\t\t\t\t\t\t<div data-animate=\"fadeInLeft\">\t\t<div class=\"img-inner dark\" >\n\t\t\t<img loading=\"lazy\" decoding=\"async\" width=\"2160\" height=\"2160\" src=\"https:\/\/juntscontraelcancer.cat\/wp-content\/uploads\/2025\/02\/WCD25_Social_Posters_FA_ES_1.jpg\" class=\"attachment-original size-original\" alt=\"campanya UICC World Cancer Day\" srcset=\"https:\/\/juntscontraelcancer.cat\/wp-content\/uploads\/2025\/02\/WCD25_Social_Posters_FA_ES_1.jpg 2160w, https:\/\/juntscontraelcancer.cat\/wp-content\/uploads\/2025\/02\/WCD25_Social_Posters_FA_ES_1-300x300.jpg 300w, https:\/\/juntscontraelcancer.cat\/wp-content\/uploads\/2025\/02\/WCD25_Social_Posters_FA_ES_1-1024x1024.jpg 1024w, https:\/\/juntscontraelcancer.cat\/wp-content\/uploads\/2025\/02\/WCD25_Social_Posters_FA_ES_1-150x150.jpg 150w, https:\/\/juntscontraelcancer.cat\/wp-content\/uploads\/2025\/02\/WCD25_Social_Posters_FA_ES_1-768x768.jpg 768w, https:\/\/juntscontraelcancer.cat\/wp-content\/uploads\/2025\/02\/WCD25_Social_Posters_FA_ES_1-1536x1536.jpg 1536w, https:\/\/juntscontraelcancer.cat\/wp-content\/uploads\/2025\/02\/WCD25_Social_Posters_FA_ES_1-2048x2048.jpg 2048w\" sizes=\"auto, (max-width: 2160px) 100vw, 2160px\" \/>\t\t\t\t\t\t\n\t\t\t\t\t<\/div>\n\t\t<\/div>\t\t\t\t\t\t\n<style>\n#image_1841215800 {\n  width: 100%;\n}\n<\/style>\n\t<\/div>\n\t\n\n\n\t\t<\/div>\n\t\t\t\t\t<\/div>\n\n\t\n\n\t<div id=\"col-1243650867\" class=\"col medium-6 small-12 large-6\"  data-animate=\"fadeInLeft\">\n\t\t\t\t<div class=\"col-inner\"  >\n\t\t\t\n\t\t\t\n\n<h3>El lema de 2025-2027 es \u201cUnidos por lo \u00fanico\u00bb<br \/>\r\n<\/h3>\r\n<p>Con este lema, se pone el enfoque en la persona en la atenci\u00f3n del c\u00e1ncer, que integra plenamente las necesidades \u00fanicas de cada individuo, con compasi\u00f3n y empat\u00eda, conduce a los mejores resultados en salud.<\/p>\n\n\t\t<\/div>\n\t\t\t\t\n<style>\n#col-1243650867 > .col-inner {\n  margin: 0px 0px 0px 0px;\n}\n@media (min-width:550px) {\n  #col-1243650867 > .col-inner {\n    margin: 0px 0px 0px 0px;\n  }\n}\n<\/style>\n\t<\/div>\n\n\t\n\n<\/div>\n\n\t\t<\/div>\n\t\t\t\t\t<\/div>\n\n\t\n\n\t<div id=\"col-951592650\" class=\"col small-12 large-12\"  data-animate=\"fadeInUp\">\n\t\t\t\t<div class=\"col-inner\"  >\n\t\t\t\n\t\t\t\n\n<h3>Otros d\u00edas mundiales en los que hacemos incidencia desde la FECEC, Junts contra el C\u00e0ncer para sensibilizar a la poblaci\u00f3n hacia la enfermedad:<\/h3>\n\n\t\t<\/div>\n\t\t\t\t\t<\/div>\n\n\t\n\n\t<div id=\"col-791553428\" class=\"col medium-6 small-12 large-6\"  data-animate=\"fadeInUp\">\n\t\t\t\t<div class=\"col-inner\"  >\n\t\t\t\n\t\t\t\n\n<li><strong>31 marzo:<\/strong> D\u00eda Mundial del C\u00e1ncer de Colon<\/li>\r\n<li><strong>25 &#8211; 31 de mayo:<\/strong> Semana Europea contra el c\u00e1ncer<\/li>\r\n<li><strong>11 junio:<\/strong> D\u00eda Mundial del C\u00e1ncer de Pr\u00f3stata<\/li>\r\n<\/ul>\n\n\t\t<\/div>\n\t\t\t\t\n<style>\n#col-791553428 > .col-inner {\n  margin: 0px 0px 0px 0px;\n}\n@media (min-width:550px) {\n  #col-791553428 > .col-inner {\n    margin: 0px 0px 0px 25px;\n  }\n}\n<\/style>\n\t<\/div>\n\n\t\n\n\t<div id=\"col-752154402\" class=\"col medium-6 small-12 large-6\"  data-animate=\"fadeInUp\">\n\t\t\t\t<div class=\"col-inner\"  >\n\t\t\t\n\t\t\t\n\n<ul>\r\n<li><strong>13 junio:<\/strong> D\u00eda Mundial del C\u00e1ncer de Piel<\/li>\r\n<li class=\"lead\"><strong>17 noviembre:<\/strong> D\u00eda Mundial del C\u00e1ncer Pulm\u00f3n<\/li>\r\n<li><strong>19 octubre:<\/strong> D\u00eda Mundial del C\u00e1ncer de Mama<\/li>\r\n<\/ul>\n\n\t\t<\/div>\n\t\t\t\t\n<style>\n#col-752154402 > .col-inner {\n  margin: 0px 0px 0px 0px;\n}\n<\/style>\n\t<\/div>\n\n\t\n\n<\/div>\n\n\t\t<\/div>\n\n\t\t\n<style>\n#section_1354995593 {\n  padding-top: 30px;\n  padding-bottom: 30px;\n}\n<\/style>\n\t<\/section>\n\t\n\n","protected":false},"excerpt":{"rendered":"","protected":false},"author":1,"featured_media":0,"parent":0,"menu_order":0,"comment_status":"closed","ping_status":"closed","template":"page-blank.php","meta":{"_acf_changed":false,"inline_featured_image":false,"footnotes":""},"class_list":["post-15442","page","type-page","status-publish","hentry"],"acf":[],"yoast_head":"<!-- This site is optimized with the Yoast SEO plugin v27.3 - https:\/\/yoast.com\/product\/yoast-seo-wordpress\/ -->\n<title>Divulgaci\u00f3n y prevenci\u00f3n - Junts contra el c\u00e0ncer - FECEC<\/title>\n<meta name=\"robots\" content=\"index, follow, max-snippet:-1, max-image-preview:large, max-video-preview:-1\" \/>\n<link rel=\"canonical\" href=\"https:\/\/juntscontraelcancer.cat\/es\/divulgacion-y-prevencion\/\" \/>\n<meta property=\"og:locale\" content=\"es_ES\" \/>\n<meta property=\"og:type\" content=\"article\" \/>\n<meta property=\"og:title\" content=\"Divulgaci\u00f3n y prevenci\u00f3n - Junts contra el c\u00e0ncer - FECEC\" \/>\n<meta property=\"og:url\" content=\"https:\/\/juntscontraelcancer.cat\/es\/divulgacion-y-prevencion\/\" \/>\n<meta property=\"og:site_name\" content=\"Junts contra el c\u00e0ncer - FECEC\" \/>\n<meta property=\"article:publisher\" content=\"https:\/\/www.facebook.com\/fecec.federacio\/\" \/>\n<meta property=\"article:modified_time\" content=\"2025-02-18T16:28:51+00:00\" \/>\n<meta name=\"twitter:card\" content=\"summary_large_image\" \/>\n<meta name=\"twitter:site\" content=\"@FececFederacio\" \/>\n<meta name=\"twitter:label1\" content=\"Tiempo de lectura\" \/>\n\t<meta name=\"twitter:data1\" content=\"10 minutos\" \/>\n<script type=\"application\/ld+json\" class=\"yoast-schema-graph\">{\"@context\":\"https:\\\/\\\/schema.org\",\"@graph\":[{\"@type\":\"WebPage\",\"@id\":\"https:\\\/\\\/juntscontraelcancer.cat\\\/es\\\/divulgacion-y-prevencion\\\/\",\"url\":\"https:\\\/\\\/juntscontraelcancer.cat\\\/es\\\/divulgacion-y-prevencion\\\/\",\"name\":\"Divulgaci\u00f3n y prevenci\u00f3n - Junts contra el c\u00e0ncer - FECEC\",\"isPartOf\":{\"@id\":\"https:\\\/\\\/juntscontraelcancer.cat\\\/es\\\/#website\"},\"datePublished\":\"2023-04-26T10:59:56+00:00\",\"dateModified\":\"2025-02-18T16:28:51+00:00\",\"breadcrumb\":{\"@id\":\"https:\\\/\\\/juntscontraelcancer.cat\\\/es\\\/divulgacion-y-prevencion\\\/#breadcrumb\"},\"inLanguage\":\"es\",\"potentialAction\":[{\"@type\":\"ReadAction\",\"target\":[\"https:\\\/\\\/juntscontraelcancer.cat\\\/es\\\/divulgacion-y-prevencion\\\/\"]}]},{\"@type\":\"BreadcrumbList\",\"@id\":\"https:\\\/\\\/juntscontraelcancer.cat\\\/es\\\/divulgacion-y-prevencion\\\/#breadcrumb\",\"itemListElement\":[{\"@type\":\"ListItem\",\"position\":1,\"name\":\"Inicio\",\"item\":\"https:\\\/\\\/juntscontraelcancer.cat\\\/es\\\/\"},{\"@type\":\"ListItem\",\"position\":2,\"name\":\"Divulgaci\u00f3n y prevenci\u00f3n\"}]},{\"@type\":\"WebSite\",\"@id\":\"https:\\\/\\\/juntscontraelcancer.cat\\\/es\\\/#website\",\"url\":\"https:\\\/\\\/juntscontraelcancer.cat\\\/es\\\/\",\"name\":\"Junts contra el c\u00e0ncer - FECEC\",\"description\":\"\",\"publisher\":{\"@id\":\"https:\\\/\\\/juntscontraelcancer.cat\\\/es\\\/#organization\"},\"potentialAction\":[{\"@type\":\"SearchAction\",\"target\":{\"@type\":\"EntryPoint\",\"urlTemplate\":\"https:\\\/\\\/juntscontraelcancer.cat\\\/es\\\/?s={search_term_string}\"},\"query-input\":{\"@type\":\"PropertyValueSpecification\",\"valueRequired\":true,\"valueName\":\"search_term_string\"}}],\"inLanguage\":\"es\"},{\"@type\":\"Organization\",\"@id\":\"https:\\\/\\\/juntscontraelcancer.cat\\\/es\\\/#organization\",\"name\":\"Junts contra el c\u00e0ncer - FECEC\",\"url\":\"https:\\\/\\\/juntscontraelcancer.cat\\\/es\\\/\",\"logo\":{\"@type\":\"ImageObject\",\"inLanguage\":\"es\",\"@id\":\"https:\\\/\\\/juntscontraelcancer.cat\\\/es\\\/#\\\/schema\\\/logo\\\/image\\\/\",\"url\":\"https:\\\/\\\/juntscontraelcancer.cat\\\/wp-content\\\/uploads\\\/2023\\\/01\\\/logo-fecec-header.png\",\"contentUrl\":\"https:\\\/\\\/juntscontraelcancer.cat\\\/wp-content\\\/uploads\\\/2023\\\/01\\\/logo-fecec-header.png\",\"width\":126,\"height\":74,\"caption\":\"Junts contra el c\u00e0ncer - FECEC\"},\"image\":{\"@id\":\"https:\\\/\\\/juntscontraelcancer.cat\\\/es\\\/#\\\/schema\\\/logo\\\/image\\\/\"},\"sameAs\":[\"https:\\\/\\\/www.facebook.com\\\/fecec.federacio\\\/\",\"https:\\\/\\\/x.com\\\/FececFederacio\",\"https:\\\/\\\/www.instagram.com\\\/fececfederacio\\\/?hl=es\",\"https:\\\/\\\/www.youtube.com\\\/channel\\\/UCgAC_6c6hmHwMQhSCQyYBdA\"]}]}<\/script>\n<!-- \/ Yoast SEO plugin. -->","yoast_head_json":{"title":"Divulgaci\u00f3n y prevenci\u00f3n - Junts contra el c\u00e0ncer - FECEC","robots":{"index":"index","follow":"follow","max-snippet":"max-snippet:-1","max-image-preview":"max-image-preview:large","max-video-preview":"max-video-preview:-1"},"canonical":"https:\/\/juntscontraelcancer.cat\/es\/divulgacion-y-prevencion\/","og_locale":"es_ES","og_type":"article","og_title":"Divulgaci\u00f3n y prevenci\u00f3n - Junts contra el c\u00e0ncer - FECEC","og_url":"https:\/\/juntscontraelcancer.cat\/es\/divulgacion-y-prevencion\/","og_site_name":"Junts contra el c\u00e0ncer - FECEC","article_publisher":"https:\/\/www.facebook.com\/fecec.federacio\/","article_modified_time":"2025-02-18T16:28:51+00:00","twitter_card":"summary_large_image","twitter_site":"@FececFederacio","twitter_misc":{"Tiempo de lectura":"10 minutos"},"schema":{"@context":"https:\/\/schema.org","@graph":[{"@type":"WebPage","@id":"https:\/\/juntscontraelcancer.cat\/es\/divulgacion-y-prevencion\/","url":"https:\/\/juntscontraelcancer.cat\/es\/divulgacion-y-prevencion\/","name":"Divulgaci\u00f3n y prevenci\u00f3n - Junts contra el c\u00e0ncer - FECEC","isPartOf":{"@id":"https:\/\/juntscontraelcancer.cat\/es\/#website"},"datePublished":"2023-04-26T10:59:56+00:00","dateModified":"2025-02-18T16:28:51+00:00","breadcrumb":{"@id":"https:\/\/juntscontraelcancer.cat\/es\/divulgacion-y-prevencion\/#breadcrumb"},"inLanguage":"es","potentialAction":[{"@type":"ReadAction","target":["https:\/\/juntscontraelcancer.cat\/es\/divulgacion-y-prevencion\/"]}]},{"@type":"BreadcrumbList","@id":"https:\/\/juntscontraelcancer.cat\/es\/divulgacion-y-prevencion\/#breadcrumb","itemListElement":[{"@type":"ListItem","position":1,"name":"Inicio","item":"https:\/\/juntscontraelcancer.cat\/es\/"},{"@type":"ListItem","position":2,"name":"Divulgaci\u00f3n y prevenci\u00f3n"}]},{"@type":"WebSite","@id":"https:\/\/juntscontraelcancer.cat\/es\/#website","url":"https:\/\/juntscontraelcancer.cat\/es\/","name":"Junts contra el c\u00e0ncer - FECEC","description":"","publisher":{"@id":"https:\/\/juntscontraelcancer.cat\/es\/#organization"},"potentialAction":[{"@type":"SearchAction","target":{"@type":"EntryPoint","urlTemplate":"https:\/\/juntscontraelcancer.cat\/es\/?s={search_term_string}"},"query-input":{"@type":"PropertyValueSpecification","valueRequired":true,"valueName":"search_term_string"}}],"inLanguage":"es"},{"@type":"Organization","@id":"https:\/\/juntscontraelcancer.cat\/es\/#organization","name":"Junts contra el c\u00e0ncer - FECEC","url":"https:\/\/juntscontraelcancer.cat\/es\/","logo":{"@type":"ImageObject","inLanguage":"es","@id":"https:\/\/juntscontraelcancer.cat\/es\/#\/schema\/logo\/image\/","url":"https:\/\/juntscontraelcancer.cat\/wp-content\/uploads\/2023\/01\/logo-fecec-header.png","contentUrl":"https:\/\/juntscontraelcancer.cat\/wp-content\/uploads\/2023\/01\/logo-fecec-header.png","width":126,"height":74,"caption":"Junts contra el c\u00e0ncer - FECEC"},"image":{"@id":"https:\/\/juntscontraelcancer.cat\/es\/#\/schema\/logo\/image\/"},"sameAs":["https:\/\/www.facebook.com\/fecec.federacio\/","https:\/\/x.com\/FececFederacio","https:\/\/www.instagram.com\/fececfederacio\/?hl=es","https:\/\/www.youtube.com\/channel\/UCgAC_6c6hmHwMQhSCQyYBdA"]}]}},"_links":{"self":[{"href":"https:\/\/juntscontraelcancer.cat\/es\/wp-json\/wp\/v2\/pages\/15442","targetHints":{"allow":["GET"]}}],"collection":[{"href":"https:\/\/juntscontraelcancer.cat\/es\/wp-json\/wp\/v2\/pages"}],"about":[{"href":"https:\/\/juntscontraelcancer.cat\/es\/wp-json\/wp\/v2\/types\/page"}],"author":[{"embeddable":true,"href":"https:\/\/juntscontraelcancer.cat\/es\/wp-json\/wp\/v2\/users\/1"}],"replies":[{"embeddable":true,"href":"https:\/\/juntscontraelcancer.cat\/es\/wp-json\/wp\/v2\/comments?post=15442"}],"version-history":[{"count":36,"href":"https:\/\/juntscontraelcancer.cat\/es\/wp-json\/wp\/v2\/pages\/15442\/revisions"}],"predecessor-version":[{"id":39537,"href":"https:\/\/juntscontraelcancer.cat\/es\/wp-json\/wp\/v2\/pages\/15442\/revisions\/39537"}],"wp:attachment":[{"href":"https:\/\/juntscontraelcancer.cat\/es\/wp-json\/wp\/v2\/media?parent=15442"}],"curies":[{"name":"wp","href":"https:\/\/api.w.org\/{rel}","templated":true}]}}