{"version":"1.0","provider_name":"Junts contra el c\u00e0ncer - FECEC","provider_url":"https:\/\/juntscontraelcancer.cat\/es\/","author_name":"FECEC Comunicaci\u00f3","author_url":"https:\/\/juntscontraelcancer.cat\/es\/author\/fecec\/","title":"\u00a1Felices vacaciones! - Junts contra el c\u00e0ncer - FECEC","type":"rich","width":600,"height":338,"html":"<blockquote class=\"wp-embedded-content\" data-secret=\"KshdbhOjYh\"><a href=\"https:\/\/juntscontraelcancer.cat\/es\/felices-vacaciones\/\">\u00a1Felices vacaciones!<\/a><\/blockquote><iframe sandbox=\"allow-scripts\" security=\"restricted\" src=\"https:\/\/juntscontraelcancer.cat\/es\/felices-vacaciones\/embed\/#?secret=KshdbhOjYh\" width=\"600\" height=\"338\" title=\"\u00ab\u00a1Felices vacaciones!\u00bb \u2014 Junts contra el c\u00e0ncer - FECEC\" data-secret=\"KshdbhOjYh\" frameborder=\"0\" marginwidth=\"0\" marginheight=\"0\" scrolling=\"no\" class=\"wp-embedded-content\"><\/iframe><script type=\"text\/javascript\">\n\/* <![CDATA[ *\/\n\/*! This file is auto-generated *\/\n!function(d,l){\"use strict\";l.querySelector&&d.addEventListener&&\"undefined\"!=typeof URL&&(d.wp=d.wp||{},d.wp.receiveEmbedMessage||(d.wp.receiveEmbedMessage=function(e){var t=e.data;if((t||t.secret||t.message||t.value)&&!\/[^a-zA-Z0-9]\/.test(t.secret)){for(var s,r,n,a=l.querySelectorAll('iframe[data-secret=\"'+t.secret+'\"]'),o=l.querySelectorAll('blockquote[data-secret=\"'+t.secret+'\"]'),c=new RegExp(\"^https?:$\",\"i\"),i=0;i<o.length;i++)o[i].style.display=\"none\";for(i=0;i<a.length;i++)s=a[i],e.source===s.contentWindow&&(s.removeAttribute(\"style\"),\"height\"===t.message?(1e3<(r=parseInt(t.value,10))?r=1e3:~~r<200&&(r=200),s.height=r):\"link\"===t.message&&(r=new URL(s.getAttribute(\"src\")),n=new URL(t.value),c.test(n.protocol))&&n.host===r.host&&l.activeElement===s&&(d.top.location.href=t.value))}},d.addEventListener(\"message\",d.wp.receiveEmbedMessage,!1),l.addEventListener(\"DOMContentLoaded\",function(){for(var e,t,s=l.querySelectorAll(\"iframe.wp-embedded-content\"),r=0;r<s.length;r++)(t=(e=s[r]).getAttribute(\"data-secret\"))||(t=Math.random().toString(36).substring(2,12),e.src+=\"#?secret=\"+t,e.setAttribute(\"data-secret\",t)),e.contentWindow.postMessage({message:\"ready\",secret:t},\"*\")},!1)))}(window,document);\n\/\/# sourceURL=https:\/\/juntscontraelcancer.cat\/wp-includes\/js\/wp-embed.min.js\n\/* ]]> *\/\n<\/script>\n","thumbnail_url":"https:\/\/juntscontraelcancer.cat\/wp-content\/uploads\/2023\/07\/Copia-de-Bon-Estiu-1-2.png","thumbnail_width":863,"thumbnail_height":575,"description":"\u00a1Os deseamos que pas\u00e9is un buen verano! \u00a1Recordad! Tanto si vais a la playa, como a la monta\u00f1a o, incluso, si os qued\u00e1is en la ciudad, no os olvid\u00e9is de protegeos del sol para evitar el riesgo de sufrir c\u00e1ncer de piel, siguiendo los consejos de nuestra campa\u00f1a \"Tu piel tiene memoria\". Disfrutad mucho y nos reencontramos en septiembre."}