{"version":"1.0","provider_name":"Junts contra el c\u00e0ncer - FECEC","provider_url":"https:\/\/juntscontraelcancer.cat\/es\/","author_name":"FECEC Comunicaci\u00f3","author_url":"https:\/\/juntscontraelcancer.cat\/es\/author\/fecec\/","title":"D\u00eda Mundial del Linfoma 2023 - Junts contra el c\u00e0ncer - FECEC","type":"rich","width":600,"height":338,"html":"<blockquote class=\"wp-embedded-content\" data-secret=\"89pFSOotBf\"><a href=\"https:\/\/juntscontraelcancer.cat\/es\/dia-mundial-del-linfoma-2023\/\">D\u00eda Mundial del Linfoma 2023<\/a><\/blockquote><iframe sandbox=\"allow-scripts\" security=\"restricted\" src=\"https:\/\/juntscontraelcancer.cat\/es\/dia-mundial-del-linfoma-2023\/embed\/#?secret=89pFSOotBf\" width=\"600\" height=\"338\" title=\"\u00abD\u00eda Mundial del Linfoma 2023\u00bb \u2014 Junts contra el c\u00e0ncer - FECEC\" data-secret=\"89pFSOotBf\" frameborder=\"0\" marginwidth=\"0\" marginheight=\"0\" scrolling=\"no\" class=\"wp-embedded-content\"><\/iframe><script type=\"text\/javascript\">\n\/* <![CDATA[ *\/\n\/*! This file is auto-generated *\/\n!function(d,l){\"use strict\";l.querySelector&&d.addEventListener&&\"undefined\"!=typeof URL&&(d.wp=d.wp||{},d.wp.receiveEmbedMessage||(d.wp.receiveEmbedMessage=function(e){var t=e.data;if((t||t.secret||t.message||t.value)&&!\/[^a-zA-Z0-9]\/.test(t.secret)){for(var s,r,n,a=l.querySelectorAll('iframe[data-secret=\"'+t.secret+'\"]'),o=l.querySelectorAll('blockquote[data-secret=\"'+t.secret+'\"]'),c=new RegExp(\"^https?:$\",\"i\"),i=0;i<o.length;i++)o[i].style.display=\"none\";for(i=0;i<a.length;i++)s=a[i],e.source===s.contentWindow&&(s.removeAttribute(\"style\"),\"height\"===t.message?(1e3<(r=parseInt(t.value,10))?r=1e3:~~r<200&&(r=200),s.height=r):\"link\"===t.message&&(r=new URL(s.getAttribute(\"src\")),n=new URL(t.value),c.test(n.protocol))&&n.host===r.host&&l.activeElement===s&&(d.top.location.href=t.value))}},d.addEventListener(\"message\",d.wp.receiveEmbedMessage,!1),l.addEventListener(\"DOMContentLoaded\",function(){for(var e,t,s=l.querySelectorAll(\"iframe.wp-embedded-content\"),r=0;r<s.length;r++)(t=(e=s[r]).getAttribute(\"data-secret\"))||(t=Math.random().toString(36).substring(2,12),e.src+=\"#?secret=\"+t,e.setAttribute(\"data-secret\",t)),e.contentWindow.postMessage({message:\"ready\",secret:t},\"*\")},!1)))}(window,document);\n\/\/# sourceURL=https:\/\/juntscontraelcancer.cat\/wp-includes\/js\/wp-embed.min.js\n\/* ]]> *\/\n<\/script>\n","thumbnail_url":"https:\/\/juntscontraelcancer.cat\/wp-content\/uploads\/2023\/09\/junts-contra-el-cancer-linfoma.png","thumbnail_width":863,"thumbnail_height":575,"description":"En 2023, 11.482 personas ser\u00e1n diagnosticadas de linfoma en Espa\u00f1a, seg\u00fan cifras de la Sociedad Espa\u00f1ola de Oncolog\u00eda M\u00e9dica (SEOM). El 15 de septiembre, se celebra el d\u00eda mundial de esta enfermedad que afecta al sistema linf\u00e1tico del cuerpo."}